{"id":5033,"date":"2023-07-05T16:12:11","date_gmt":"2023-07-05T16:12:11","guid":{"rendered":"https:\/\/cee.edu.mx\/documentos\/?post_type=project&#038;p=5033"},"modified":"2023-07-05T16:34:54","modified_gmt":"2023-07-05T16:34:54","slug":"diagnostico-educativo-nacional","status":"publish","type":"project","link":"https:\/\/cee.edu.mx\/documentos\/project\/diagnostico-educativo-nacional\/","title":{"rendered":"Diagn\u00f3stico Educativo Nacional"},"content":{"rendered":"[et_pb_section fb_built=\u00bb1&#8243; admin_label=\u00bbBook\u00bb _builder_version=\u00bb4.18.0&#8243; _module_preset=\u00bbdefault\u00bb background_color=\u00bbrgba(0,0,0,0.05)\u00bb locked=\u00bboff\u00bb global_colors_info=\u00bb{%22gcid-8b305f9d-4844-4604-ba06-445166ebe5d6%22:%91%22background_color%22%93,%22gcid-bafd0c31-2a11-4c7d-b3a8-caae4a4218d9%22:%91%22background_color%22%93}\u00bb][et_pb_row column_structure=\u00bb3_5,2_5&#8243; _builder_version=\u00bb4.16&#8243; _module_preset=\u00bbdefault\u00bb global_colors_info=\u00bb{}\u00bb][et_pb_column type=\u00bb3_5&#8243; _builder_version=\u00bb4.16&#8243; _module_preset=\u00bbdefault\u00bb custom_padding=\u00bb10%||||false|false\u00bb global_colors_info=\u00bb{}\u00bb][et_pb_blurb title=\u00bbLibro\u00bb use_icon=\u00bbon\u00bb font_icon=\u00bb&#xe086;||divi||400&#8243; icon_color=\u00bb#49a850&#8243; icon_placement=\u00bbleft\u00bb image_icon_width=\u00bb24px\u00bb content_max_width=\u00bb100%\u00bb _builder_version=\u00bb4.18.0&#8243; _module_preset=\u00bba947262d-0701-4077-825d-1385639c524f\u00bb header_font=\u00bbInter|700||on|||||\u00bb header_text_color=\u00bb#49a850&#8243; header_font_size=\u00bb16px\u00bb header_letter_spacing=\u00bb1px\u00bb body_font=\u00bbInter||||||||\u00bb body_text_color=\u00bb#15414a\u00bb global_colors_info=\u00bb{}\u00bb][\/et_pb_blurb][et_pb_text _builder_version=\u00bb4.21.0&#8243; _module_preset=\u00bbe864d11f-3dab-4fa3-ac06-4f0e1a260807&#8243; header_font=\u00bbHeebo|700|||||||\u00bb header_text_color=\u00bb#424242&#8243; header_font_size=\u00bb50px\u00bb header_line_height=\u00bb1.1em\u00bb custom_margin=\u00bb||10px||false|false\u00bb header_font_size_tablet=\u00bb40px\u00bb header_font_size_phone=\u00bb24px\u00bb header_font_size_last_edited=\u00bbon|desktop\u00bb global_colors_info=\u00bb{}\u00bb]\n<h1>Diagn\u00f3stico Educativo Nacional<\/h1>\n[\/et_pb_text][et_pb_text _builder_version=\u00bb4.21.0&#8243; _module_preset=\u00bb5ff55506-da7d-4dd7-b409-9d62c7203201&#8243; text_font=\u00bbInter||||||||\u00bb text_text_color=\u00bb#424242&#8243; text_font_size=\u00bb16px\u00bb text_line_height=\u00bb1.8em\u00bb link_text_color=\u00bb#FF5D67&#8243; header_text_color=\u00bb#424242&#8243; text_font_size_tablet=\u00bb15px\u00bb text_font_size_phone=\u00bb14px\u00bb text_font_size_last_edited=\u00bbon|phone\u00bb header_font_size_tablet=\u00bb55px\u00bb header_font_size_last_edited=\u00bboff|desktop\u00bb locked=\u00bboff\u00bb global_colors_info=\u00bb{}\u00bb]Balance del progreso escolar de M\u00e9xico durante los \u00faltimos seis a\u00f1os.<\/p>\n<p>Investigaci\u00f3n dirigida por Pablo Latap\u00ed, Doctor en Ciencias de la Educaci\u00f3n.<br \/>\nRealizada por los Licenciados Carlos Mu\u00f1oz y Manuel I, Ulloa, con la colaboraci\u00f3n del Profesor Salvador Cata\u00f1o, Federico Escobar, Enrique Velasco y Magdalena Zaraz\u00faa.[\/et_pb_text][et_pb_text _builder_version=\u00bb4.21.0&#8243; _module_preset=\u00bb5ff55506-da7d-4dd7-b409-9d62c7203201&#8243; text_font=\u00bbInter||||||||\u00bb text_text_color=\u00bb#15414a\u00bb text_font_size=\u00bb16px\u00bb text_line_height=\u00bb1.8em\u00bb link_text_color=\u00bb#FF5D67&#8243; header_3_font=\u00bbInter||||||||\u00bb header_3_text_color=\u00bb#E09900&#8243; header_3_font_size=\u00bb14px\u00bb custom_margin=\u00bb||10px||false|false\u00bb text_font_size_tablet=\u00bb15px\u00bb text_font_size_phone=\u00bb14px\u00bb text_font_size_last_edited=\u00bbon|phone\u00bb header_font_size_tablet=\u00bb55px\u00bb header_font_size_last_edited=\u00bboff|desktop\u00bb global_colors_info=\u00bb{%22gcid-8b305f9d-4844-4604-ba06-445166ebe5d6%22:%91%22header_3_text_color%22%93}\u00bb]\n<h3>Autor: <strong>Pablo Latap\u00ed<\/strong><br \/>N\u00famero de p\u00e1ginas: <strong>149<\/strong><br \/>A\u00f1o de publicaci\u00f3n: <strong>1964<\/strong><\/h3>\n[\/et_pb_text][\/et_pb_column][et_pb_column type=\u00bb2_5&#8243; _builder_version=\u00bb4.16&#8243; _module_preset=\u00bbdefault\u00bb global_colors_info=\u00bb{}\u00bb][et_pb_divider show_divider=\u00bboff\u00bb _builder_version=\u00bb4.18.0&#8243; _module_preset=\u00bbdefault\u00bb background_color=\u00bb#49a850&#8243; positioning=\u00bbabsolute\u00bb width=\u00bb200px\u00bb height=\u00bb200px\u00bb custom_margin=\u00bb-40px|-80px||-80px|false|false\u00bb border_radii=\u00bboff|100px|100px|100px|\u00bb locked=\u00bboff\u00bb global_colors_info=\u00bb{}\u00bb][\/et_pb_divider][et_pb_image src=\u00bbhttps:\/\/cee.edu.mx\/documentos\/wp-content\/uploads\/2023\/06\/Portada-DIagnostico_Educativo_Nacional.jpg\u00bb alt=\u00bbDiagn\u00f3stico Educativo Nacional\u00bb title_text=\u00bbDiagn\u00f3stico Educativo Nacional\u00bb _builder_version=\u00bb4.21.0&#8243; _module_preset=\u00bbdefault\u00bb border_radii=\u00bbon|8px|8px|8px|8px\u00bb box_shadow_style=\u00bbpreset3&#8243; box_shadow_vertical=\u00bb64px\u00bb box_shadow_blur=\u00bb48px\u00bb box_shadow_spread=\u00bb-24px\u00bb box_shadow_color=\u00bbrgba(0,0,0,0.24)\u00bb global_colors_info=\u00bb{}\u00bb][\/et_pb_image][et_pb_button button_url=\u00bbhttps:\/\/cee.edu.mx\/NuestrasPublicaciones\/Diagnostico_Educativo_Nacional\/Diagnostico_Educativo_Nacional.pdf\u00bb url_new_window=\u00bbon\u00bb button_text=\u00bbPublicaci\u00f3n completa\u00bb button_alignment=\u00bbright\u00bb _builder_version=\u00bb4.21.0&#8243; _module_preset=\u00bb6414ef9f-e386-4555-a7b7-4544a239078b\u00bb custom_button=\u00bbon\u00bb button_text_size=\u00bb14px\u00bb button_text_color=\u00bb#FFFFFF\u00bb button_bg_color=\u00bb#49a850&#8243; button_border_width=\u00bb0px\u00bb button_border_radius=\u00bb8px\u00bb button_letter_spacing=\u00bb1px\u00bb button_font=\u00bbHeebo|800||on|||||\u00bb custom_padding=\u00bb16px|20px|16px|20px|true|true\u00bb hover_enabled=\u00bb0&#8243; box_shadow_style=\u00bbpreset4&#8243; box_shadow_horizontal=\u00bb-4px\u00bb box_shadow_vertical=\u00bb4px\u00bb box_shadow_color=\u00bbrgba(73,169,81,0.24)\u00bb global_colors_info=\u00bb{}\u00bb sticky_enabled=\u00bb0&#8243;][\/et_pb_button][\/et_pb_column][\/et_pb_row][et_pb_row _builder_version=\u00bb4.16&#8243; _module_preset=\u00bbdefault\u00bb global_colors_info=\u00bb{}\u00bb][et_pb_column type=\u00bb4_4&#8243; _builder_version=\u00bb4.16&#8243; _module_preset=\u00bbdefault\u00bb global_colors_info=\u00bb{}\u00bb][et_pb_text _builder_version=\u00bb4.21.0&#8243; _module_preset=\u00bb41d5859c-fbaa-458a-88e4-5d886857f235&#8243; text_font=\u00bbInter||||||||\u00bb text_text_color=\u00bb#424242&#8243; text_font_size=\u00bb18px\u00bb text_line_height=\u00bb1.8em\u00bb text_font_size_tablet=\u00bb16px\u00bb text_font_size_phone=\u00bb14px\u00bb text_font_size_last_edited=\u00bbon|phone\u00bb global_colors_info=\u00bb{}\u00bb]\n<p>Los problemas educativos son de fundamental importancia no s\u00f3lo para el desarrollo cultural sino para el progreso social y econ\u00f3mico de nuestra patria. Un sistema escolar que corresponda a nuestras necesidades y que -tomando en cuenta las caracter\u00edsticas de la fase de desarrollo en que nos encontramos- logre el mejor aprovechamiento de los recursos disponibles mediante una equilibrada planeaci\u00f3n, constituye una de las estructuras b\u00e1sicas indispensables al progreso nacional.\n<\/p>\n[\/et_pb_text][\/et_pb_column][\/et_pb_row][\/et_pb_section][et_pb_section fb_built=\u00bb1&#8243; admin_label=\u00bbBooks\u00bb _builder_version=\u00bb4.18.0&#8243; _module_preset=\u00bbdefault\u00bb background_color=\u00bb#ffffff\u00bb custom_padding=\u00bb||3vw||false|false\u00bb locked=\u00bboff\u00bb global_colors_info=\u00bb{%22gcid-bafd0c31-2a11-4c7d-b3a8-caae4a4218d9%22:%91%22background_color%22%93}\u00bb][et_pb_row _builder_version=\u00bb4.21.0&#8243; _module_preset=\u00bbdefault\u00bb width=\u00bb90%\u00bb max_width=\u00bbnone\u00bb global_colors_info=\u00bb{}\u00bb][et_pb_column type=\u00bb4_4&#8243; _builder_version=\u00bb4.16&#8243; _module_preset=\u00bbdefault\u00bb global_colors_info=\u00bb{}\u00bb][et_pb_blurb title=\u00bbOtras publicaciones\u00bb use_icon=\u00bbon\u00bb font_icon=\u00bb&#xe086;||divi||400&#8243; icon_color=\u00bbgcid-d17493c4-1b2d-41d9-9b25-c9343e59bc85&#8243; image_icon_background_color=\u00bb#FFFFFF\u00bb icon_placement=\u00bbleft\u00bb image_icon_width=\u00bb24px\u00bb content_max_width=\u00bb100%\u00bb _builder_version=\u00bb4.21.0&#8243; _module_preset=\u00bba947262d-0701-4077-825d-1385639c524f\u00bb header_font=\u00bbInter|700||on|||||\u00bb header_text_color=\u00bbgcid-d17493c4-1b2d-41d9-9b25-c9343e59bc85&#8243; header_font_size=\u00bb16px\u00bb header_letter_spacing=\u00bb1px\u00bb body_font=\u00bbInter||||||||\u00bb body_text_color=\u00bb#15414a\u00bb global_colors_info=\u00bb{%22gcid-d17493c4-1b2d-41d9-9b25-c9343e59bc85%22:%91%22header_text_color%22,%22icon_color%22%93}\u00bb][\/et_pb_blurb][\/et_pb_column][\/et_pb_row][et_pb_row column_structure=\u00bb1_6,1_6,1_6,1_6,1_6,1_6&#8243; use_custom_gutter=\u00bbon\u00bb gutter_width=\u00bb2&#8243; admin_label=\u00bbLibros F1&#8243; _builder_version=\u00bb4.21.0&#8243; _module_preset=\u00bbdefault\u00bb width=\u00bb90%\u00bb max_width=\u00bbnone\u00bb custom_padding=\u00bb47px|||||\u00bb global_module=\u00bb4834&#8243; global_colors_info=\u00bb{}\u00bb][et_pb_column type=\u00bb1_6&#8243; _builder_version=\u00bb4.21.0&#8243; _module_preset=\u00bbdefault\u00bb global_colors_info=\u00bb{}\u00bb][et_pb_image src=\u00bbhttps:\/\/cee.edu.mx\/documentos\/wp-content\/uploads\/2023\/06\/La_Educacion_en_el_desarrollo_economico_nacional_Prtada.jpg\u00bb alt=\u00bbLa Educaci\u00f3n en el Desarrollo Econ\u00f3mico Nacional\u00bb title_text=\u00bbLa Educaci\u00f3n en el Desarrollo Econ\u00f3mico Nacional\u00bb admin_label=\u00bbImagen\u00bb _builder_version=\u00bb4.21.0&#8243; _module_preset=\u00bbdefault\u00bb border_radii=\u00bbon|10px|10px|10px|10px\u00bb box_shadow_style=\u00bbpreset3&#8243; box_shadow_color=\u00bb#424242&#8243; global_colors_info=\u00bb{}\u00bb transform_styles__hover_enabled=\u00bbon|hover\u00bb transform_scale__hover_enabled=\u00bbon|hover\u00bb transform_translate__hover_enabled=\u00bbon|desktop\u00bb transform_rotate__hover_enabled=\u00bbon|desktop\u00bb transform_skew__hover_enabled=\u00bbon|desktop\u00bb transform_origin__hover_enabled=\u00bbon|desktop\u00bb transform_scale__hover=\u00bb110%|110%\u00bb][\/et_pb_image][et_pb_text _builder_version=\u00bb4.21.0&#8243; _module_preset=\u00bbdefault\u00bb text_font=\u00bbPoppins|500|||||||\u00bb text_orientation=\u00bbcenter\u00bb custom_margin=\u00bb-12px||7px||false|false\u00bb global_colors_info=\u00bb{}\u00bb]\n<p>La Educaci\u00f3n en el Desarrollo Econ\u00f3mico Nacional<\/p>\n[\/et_pb_text][et_pb_text _builder_version=\u00bb4.21.0&#8243; _module_preset=\u00bbdefault\u00bb text_font=\u00bbPoppins|300|||||||\u00bb text_font_size=\u00bb15px\u00bb text_orientation=\u00bbcenter\u00bb global_colors_info=\u00bb{}\u00bb]\n<p>Ponente: Sr. Ing. Ernesto S. L\u00f3pez<\/p>\n[\/et_pb_text][\/et_pb_column][et_pb_column type=\u00bb1_6&#8243; _builder_version=\u00bb4.21.0&#8243; _module_preset=\u00bbdefault\u00bb global_colors_info=\u00bb{}\u00bb][et_pb_image src=\u00bbhttps:\/\/cee.edu.mx\/documentos\/wp-content\/uploads\/2023\/06\/Portada-DIagnostico_Educativo_Nacional.jpg\u00bb alt=\u00bbDiagn\u00f3stico Educativo Nacional\u00bb title_text=\u00bbDiagn\u00f3stico Educativo Nacional\u00bb url=\u00bb@ET-DC@eyJkeW5hbWljIjp0cnVlLCJjb250ZW50IjoicG9zdF9saW5rX3VybF9wcm9qZWN0Iiwic2V0dGluZ3MiOnsicG9zdF9pZCI6IjUwMzMifX0=@\u00bb _builder_version=\u00bb4.21.0&#8243; _dynamic_attributes=\u00bburl\u00bb _module_preset=\u00bbdefault\u00bb border_radii=\u00bbon|10px|10px|10px|10px\u00bb box_shadow_style=\u00bbpreset3&#8243; box_shadow_color=\u00bb#424242&#8243; global_colors_info=\u00bb{}\u00bb transform_styles__hover_enabled=\u00bbon|hover\u00bb transform_scale__hover=\u00bb110%|110%\u00bb transform_scale__hover_enabled=\u00bbon|hover\u00bb transform_translate__hover_enabled=\u00bbon|desktop\u00bb transform_rotate__hover_enabled=\u00bbon|desktop\u00bb transform_skew__hover_enabled=\u00bbon|desktop\u00bb transform_origin__hover_enabled=\u00bbon|desktop\u00bb][\/et_pb_image][et_pb_text _builder_version=\u00bb4.21.0&#8243; _module_preset=\u00bbdefault\u00bb text_font=\u00bbPoppins|500|||||||\u00bb text_orientation=\u00bbcenter\u00bb custom_margin=\u00bb-12px||7px||false|false\u00bb global_colors_info=\u00bb{}\u00bb]\n<p>Diagn\u00f3stico Educativo Nacional<\/p>\n[\/et_pb_text][et_pb_text _builder_version=\u00bb4.21.0&#8243; _module_preset=\u00bbdefault\u00bb text_font=\u00bbPoppins|300|||||||\u00bb text_font_size=\u00bb15px\u00bb text_orientation=\u00bbcenter\u00bb global_colors_info=\u00bb{}\u00bb]\n<p>Pablo Latap\u00ed<\/p>\n[\/et_pb_text][\/et_pb_column][et_pb_column type=\u00bb1_6&#8243; _builder_version=\u00bb4.21.0&#8243; _module_preset=\u00bbdefault\u00bb global_colors_info=\u00bb{}\u00bb][et_pb_image src=\u00bbhttps:\/\/cee.edu.mx\/documentos\/wp-content\/uploads\/2023\/01\/P0.0-scaled.jpg\u00bb alt=\u00bbEducaci\u00f3n Nacional y Opini\u00f3n P\u00fablica\u00bb title_text=\u00bbEducaci\u00f3n Nacional y Opini\u00f3n P\u00fablica\u00bb _builder_version=\u00bb4.21.0&#8243; _module_preset=\u00bbdefault\u00bb border_radii=\u00bbon|10px|10px|10px|10px\u00bb box_shadow_style=\u00bbpreset3&#8243; box_shadow_color=\u00bb#424242&#8243; global_colors_info=\u00bb{}\u00bb transform_styles__hover_enabled=\u00bbon|hover\u00bb transform_scale__hover=\u00bb110%|110%\u00bb transform_scale__hover_enabled=\u00bbon|hover\u00bb transform_translate__hover_enabled=\u00bbon|desktop\u00bb transform_rotate__hover_enabled=\u00bbon|desktop\u00bb transform_skew__hover_enabled=\u00bbon|desktop\u00bb transform_origin__hover_enabled=\u00bbon|desktop\u00bb][\/et_pb_image][et_pb_text _builder_version=\u00bb4.21.0&#8243; _module_preset=\u00bbdefault\u00bb text_font=\u00bbPoppins|500|||||||\u00bb text_orientation=\u00bbcenter\u00bb custom_margin=\u00bb-12px||7px||false|false\u00bb global_colors_info=\u00bb{}\u00bb]\n<p>Educaci\u00f3n Nacional y Opini\u00f3n P\u00fablica<\/p>\n[\/et_pb_text][et_pb_text _builder_version=\u00bb4.21.0&#8243; _module_preset=\u00bbdefault\u00bb text_font=\u00bbPoppins|300|||||||\u00bb text_font_size=\u00bb15px\u00bb text_orientation=\u00bbcenter\u00bb global_colors_info=\u00bb{}\u00bb]\n<p>Pablo Latap\u00ed<\/p>\n[\/et_pb_text][\/et_pb_column][et_pb_column type=\u00bb1_6&#8243; _builder_version=\u00bb4.21.0&#8243; _module_preset=\u00bbdefault\u00bb global_colors_info=\u00bb{}\u00bb][et_pb_image src=\u00bbhttps:\/\/cee.edu.mx\/documentos\/wp-content\/uploads\/2022\/10\/Planificacion_Escolar1968.jpg\u00bb alt=\u00bbAlgunas observaciones metodol\u00f3gicas\u00bb title_text=\u00bbLa planificaci\u00f3n escolar.\u00bb _builder_version=\u00bb4.21.0&#8243; _module_preset=\u00bbdefault\u00bb border_radii=\u00bbon|10px|10px|10px|10px\u00bb box_shadow_style=\u00bbpreset3&#8243; box_shadow_color=\u00bb#424242&#8243; global_colors_info=\u00bb{}\u00bb transform_styles__hover_enabled=\u00bbon|hover\u00bb transform_scale__hover=\u00bb110%|110%\u00bb transform_scale__hover_enabled=\u00bbon|hover\u00bb transform_translate__hover_enabled=\u00bbon|desktop\u00bb transform_rotate__hover_enabled=\u00bbon|desktop\u00bb transform_skew__hover_enabled=\u00bbon|desktop\u00bb transform_origin__hover_enabled=\u00bbon|desktop\u00bb][\/et_pb_image][et_pb_text _builder_version=\u00bb4.21.0&#8243; _module_preset=\u00bbdefault\u00bb text_font=\u00bbPoppins|500|||||||\u00bb text_orientation=\u00bbcenter\u00bb custom_margin=\u00bb-12px||7px||false|false\u00bb global_colors_info=\u00bb{}\u00bb]\n<p>La Planificaci\u00f3n Escolar<\/p>\n[\/et_pb_text][et_pb_text _builder_version=\u00bb4.21.0&#8243; _module_preset=\u00bbdefault\u00bb text_font=\u00bbPoppins|300|||||||\u00bb text_font_size=\u00bb15px\u00bb text_orientation=\u00bbcenter\u00bb global_colors_info=\u00bb{}\u00bb]\n<p>Carlos Mu\u00f1oz Izquierdo<\/p>\n[\/et_pb_text][\/et_pb_column][et_pb_column type=\u00bb1_6&#8243; _builder_version=\u00bb4.21.0&#8243; _module_preset=\u00bbdefault\u00bb global_colors_info=\u00bb{}\u00bb][et_pb_image src=\u00bbhttps:\/\/cee.edu.mx\/documentos\/wp-content\/uploads\/2022\/10\/Pobreza_y_Aspiraciones_Escolares.jpg\u00bb alt=\u00bbPobreza y Aspiraciones Escolares\u00bb title_text=\u00bbPobreza y Aspiraciones Escolares\u00bb _builder_version=\u00bb4.21.0&#8243; _module_preset=\u00bbdefault\u00bb border_radii=\u00bbon|10px|10px|10px|10px\u00bb box_shadow_style=\u00bbpreset3&#8243; box_shadow_color=\u00bb#424242&#8243; global_colors_info=\u00bb{}\u00bb transform_styles__hover_enabled=\u00bbon|hover\u00bb transform_scale__hover=\u00bb110%|110%\u00bb transform_scale__hover_enabled=\u00bbon|hover\u00bb transform_translate__hover_enabled=\u00bbon|desktop\u00bb transform_rotate__hover_enabled=\u00bbon|desktop\u00bb transform_skew__hover_enabled=\u00bbon|desktop\u00bb transform_origin__hover_enabled=\u00bbon|desktop\u00bb][\/et_pb_image][et_pb_text _builder_version=\u00bb4.21.0&#8243; _module_preset=\u00bbdefault\u00bb text_font=\u00bbPoppins|500|||||||\u00bb text_orientation=\u00bbcenter\u00bb custom_margin=\u00bb-12px||7px||false|false\u00bb global_colors_info=\u00bb{}\u00bb]\n<p>Pobreza y Aspiraciones Escolares<\/p>\n[\/et_pb_text][et_pb_text _builder_version=\u00bb4.21.0&#8243; _module_preset=\u00bbdefault\u00bb text_font=\u00bbPoppins|300|||||||\u00bb text_font_size=\u00bb15px\u00bb text_orientation=\u00bbcenter\u00bb global_colors_info=\u00bb{}\u00bb]\n<p>Mar\u00eda de Ibarrola N.<\/p>\n[\/et_pb_text][\/et_pb_column][et_pb_column type=\u00bb1_6&#8243; _builder_version=\u00bb4.21.0&#8243; _module_preset=\u00bbdefault\u00bb global_colors_info=\u00bb{}\u00bb][et_pb_image src=\u00bbhttps:\/\/cee.edu.mx\/documentos\/wp-content\/uploads\/2023\/06\/Mitos_y_verdades_de_la_educacion_mexicana_1971-1972_Portada.jpg\u00bb alt=\u00bbMitos y Verdades de la Educaci\u00f3n Mexicana (1971-1972)\u00bb title_text=\u00bbMitos y Verdades de la Educaci\u00f3n Mexicana (1971-1972)\u00bb _builder_version=\u00bb4.21.0&#8243; _module_preset=\u00bbdefault\u00bb border_radii=\u00bbon|10px|10px|10px|10px\u00bb box_shadow_style=\u00bbpreset3&#8243; box_shadow_color=\u00bb#424242&#8243; global_colors_info=\u00bb{}\u00bb transform_styles__hover_enabled=\u00bbon|hover\u00bb transform_scale__hover=\u00bb110%|110%\u00bb transform_scale__hover_enabled=\u00bbon|hover\u00bb transform_translate__hover_enabled=\u00bbon|desktop\u00bb transform_rotate__hover_enabled=\u00bbon|desktop\u00bb transform_skew__hover_enabled=\u00bbon|desktop\u00bb transform_origin__hover_enabled=\u00bbon|desktop\u00bb][\/et_pb_image][et_pb_text _builder_version=\u00bb4.21.0&#8243; _module_preset=\u00bbdefault\u00bb text_font=\u00bbPoppins|500|||||||\u00bb text_orientation=\u00bbcenter\u00bb custom_margin=\u00bb-12px||7px||false|false\u00bb global_colors_info=\u00bb{}\u00bb]\n<p>Mitos y Verdades de la Educaci\u00f3n Mexicana (1971-1972)<\/p>\n[\/et_pb_text][et_pb_text _builder_version=\u00bb4.21.0&#8243; _module_preset=\u00bbdefault\u00bb text_font=\u00bbPoppins|300|||||||\u00bb text_font_size=\u00bb15px\u00bb text_orientation=\u00bbcenter\u00bb global_colors_info=\u00bb{}\u00bb]\n<p>Pablo Latap\u00ed<\/p>\n[\/et_pb_text][\/et_pb_column][\/et_pb_row][et_pb_row _builder_version=\u00bb4.21.0&#8243; _module_preset=\u00bbdefault\u00bb width=\u00bb90%\u00bb max_width=\u00bbnone\u00bb global_colors_info=\u00bb{}\u00bb][et_pb_column type=\u00bb4_4&#8243; _builder_version=\u00bb4.16&#8243; _module_preset=\u00bbdefault\u00bb global_colors_info=\u00bb{}\u00bb][et_pb_button button_url=\u00bbhttps:\/\/cee.edu.mx\/documentos\/inicio\/\u00bb button_text=\u00bbVer todas las publicaciones\u00bb _builder_version=\u00bb4.18.0&#8243; _module_preset=\u00bb6414ef9f-e386-4555-a7b7-4544a239078b\u00bb custom_button=\u00bbon\u00bb button_text_size=\u00bb14px\u00bb button_text_color=\u00bb#FFFFFF\u00bb button_bg_color=\u00bbgcid-d17493c4-1b2d-41d9-9b25-c9343e59bc85&#8243; button_border_width=\u00bb0px\u00bb button_border_radius=\u00bb8px\u00bb button_letter_spacing=\u00bb1px\u00bb button_font=\u00bbHeebo|800||on|||||\u00bb custom_padding=\u00bb16px|20px|16px|20px|true|true\u00bb box_shadow_style=\u00bbpreset4&#8243; box_shadow_horizontal=\u00bb-4px\u00bb box_shadow_vertical=\u00bb4px\u00bb global_colors_info=\u00bb{%22gcid-d17493c4-1b2d-41d9-9b25-c9343e59bc85%22:%91%22button_bg_color%22%93}\u00bb][\/et_pb_button][\/et_pb_column][\/et_pb_row][\/et_pb_section]\n<span class=\"et_bloom_bottom_trigger\"><\/span>","protected":false},"excerpt":{"rendered":"<p>Balance del progreso escolar de M\u00e9xico durante los \u00faltimos seis a\u00f1os.<\/p>\n<p>Los problemas educativos son de fundamental importancia no solo para el desarrollo cultural sino para el progreso social y econ\u00f3mico de nuestra patria. Un sistema escolar que corresponda a nuestras necesidades y que -tomando en cuenta las caracter\u00edsticas de la fase de desarrollo en que nos encontramos- logre el mejor aprovechamiento de los recursos disponibles mediante una equilibrada planeaci\u00f3n, constituye una de las estructuras b\u00e1sicas indispensables al progreso nacional.<\/p>\n","protected":false},"author":2,"featured_media":4829,"comment_status":"closed","ping_status":"closed","template":"","meta":{"_et_pb_use_builder":"on","_et_pb_old_content":"","_et_gb_content_width":"","footnotes":""},"project_category":[137],"project_tag":[140],"class_list":["post-5033","project","type-project","status-publish","has-post-thumbnail","hentry","project_category-nuestras-publicaciones","project_tag-pablo-latapi"],"jetpack_sharing_enabled":true,"_links":{"self":[{"href":"https:\/\/cee.edu.mx\/documentos\/wp-json\/wp\/v2\/project\/5033","targetHints":{"allow":["GET"]}}],"collection":[{"href":"https:\/\/cee.edu.mx\/documentos\/wp-json\/wp\/v2\/project"}],"about":[{"href":"https:\/\/cee.edu.mx\/documentos\/wp-json\/wp\/v2\/types\/project"}],"author":[{"embeddable":true,"href":"https:\/\/cee.edu.mx\/documentos\/wp-json\/wp\/v2\/users\/2"}],"replies":[{"embeddable":true,"href":"https:\/\/cee.edu.mx\/documentos\/wp-json\/wp\/v2\/comments?post=5033"}],"version-history":[{"count":14,"href":"https:\/\/cee.edu.mx\/documentos\/wp-json\/wp\/v2\/project\/5033\/revisions"}],"predecessor-version":[{"id":5069,"href":"https:\/\/cee.edu.mx\/documentos\/wp-json\/wp\/v2\/project\/5033\/revisions\/5069"}],"wp:featuredmedia":[{"embeddable":true,"href":"https:\/\/cee.edu.mx\/documentos\/wp-json\/wp\/v2\/media\/4829"}],"wp:attachment":[{"href":"https:\/\/cee.edu.mx\/documentos\/wp-json\/wp\/v2\/media?parent=5033"}],"wp:term":[{"taxonomy":"project_category","embeddable":true,"href":"https:\/\/cee.edu.mx\/documentos\/wp-json\/wp\/v2\/project_category?post=5033"},{"taxonomy":"project_tag","embeddable":true,"href":"https:\/\/cee.edu.mx\/documentos\/wp-json\/wp\/v2\/project_tag?post=5033"}],"curies":[{"name":"wp","href":"https:\/\/api.w.org\/{rel}","templated":true}]}}