{"id":1482,"date":"2019-05-20T22:34:49","date_gmt":"2019-05-20T22:34:49","guid":{"rendered":"https:\/\/cee.edu.mx\/documentos\/?post_type=project&#038;p=1482"},"modified":"2023-07-05T18:04:09","modified_gmt":"2023-07-05T18:04:09","slug":"vamos-a-promover-la-salud","status":"publish","type":"project","link":"https:\/\/cee.edu.mx\/documentos\/project\/vamos-a-promover-la-salud\/","title":{"rendered":"Vamos a promover la salud"},"content":{"rendered":"[et_pb_section fb_built=\u00bb1&#8243; admin_label=\u00bbBook\u00bb _builder_version=\u00bb4.18.0&#8243; _module_preset=\u00bbdefault\u00bb background_color=\u00bbrgba(0,0,0,0.05)\u00bb locked=\u00bboff\u00bb global_colors_info=\u00bb{%22gcid-8b305f9d-4844-4604-ba06-445166ebe5d6%22:%91%22background_color%22%93,%22gcid-bafd0c31-2a11-4c7d-b3a8-caae4a4218d9%22:%91%22background_color%22%93}\u00bb][et_pb_row column_structure=\u00bb3_5,2_5&#8243; _builder_version=\u00bb4.16&#8243; _module_preset=\u00bbdefault\u00bb global_colors_info=\u00bb{}\u00bb][et_pb_column type=\u00bb3_5&#8243; _builder_version=\u00bb4.16&#8243; _module_preset=\u00bbdefault\u00bb custom_padding=\u00bb10%||||false|false\u00bb global_colors_info=\u00bb{}\u00bb][et_pb_blurb title=\u00bbLibro\u00bb use_icon=\u00bbon\u00bb font_icon=\u00bb&#xe086;||divi||400&#8243; icon_color=\u00bb#49a850&#8243; icon_placement=\u00bbleft\u00bb image_icon_width=\u00bb24px\u00bb content_max_width=\u00bb100%\u00bb _builder_version=\u00bb4.18.0&#8243; _module_preset=\u00bba947262d-0701-4077-825d-1385639c524f\u00bb header_font=\u00bbInter|700||on|||||\u00bb header_text_color=\u00bb#49a850&#8243; header_font_size=\u00bb16px\u00bb header_letter_spacing=\u00bb1px\u00bb body_font=\u00bbInter||||||||\u00bb body_text_color=\u00bb#15414a\u00bb global_colors_info=\u00bb{}\u00bb][\/et_pb_blurb][et_pb_text _builder_version=\u00bb4.18.0&#8243; _module_preset=\u00bbe864d11f-3dab-4fa3-ac06-4f0e1a260807&#8243; header_font=\u00bbHeebo|700|||||||\u00bb header_text_color=\u00bb#424242&#8243; header_font_size=\u00bb50px\u00bb header_line_height=\u00bb1.1em\u00bb custom_margin=\u00bb||10px||false|false\u00bb header_font_size_tablet=\u00bb40px\u00bb header_font_size_phone=\u00bb24px\u00bb header_font_size_last_edited=\u00bbon|desktop\u00bb global_colors_info=\u00bb{}\u00bb]\n<h1>Vamos a promover la salud<\/h1>\n[\/et_pb_text][et_pb_text _builder_version=\u00bb4.18.0&#8243; _module_preset=\u00bb5ff55506-da7d-4dd7-b409-9d62c7203201&#8243; text_font=\u00bbInter||||||||\u00bb text_text_color=\u00bb#424242&#8243; text_font_size=\u00bb16px\u00bb text_line_height=\u00bb1.8em\u00bb link_text_color=\u00bb#FF5D67&#8243; header_text_color=\u00bb#424242&#8243; text_font_size_tablet=\u00bb15px\u00bb text_font_size_phone=\u00bb14px\u00bb text_font_size_last_edited=\u00bbon|phone\u00bb header_font_size_tablet=\u00bb55px\u00bb header_font_size_last_edited=\u00bboff|desktop\u00bb global_colors_info=\u00bb{}\u00bb]Manual para la formaci\u00f3n de promotores de salud integral comunitaria[\/et_pb_text][et_pb_text _builder_version=\u00bb4.18.0&#8243; _module_preset=\u00bb5ff55506-da7d-4dd7-b409-9d62c7203201&#8243; text_font=\u00bbInter||||||||\u00bb text_text_color=\u00bb#15414a\u00bb text_font_size=\u00bb16px\u00bb text_line_height=\u00bb1.8em\u00bb link_text_color=\u00bb#FF5D67&#8243; header_3_font=\u00bbInter||||||||\u00bb header_3_text_color=\u00bb#E09900&#8243; header_3_font_size=\u00bb14px\u00bb custom_margin=\u00bb||10px||false|false\u00bb text_font_size_tablet=\u00bb15px\u00bb text_font_size_phone=\u00bb14px\u00bb text_font_size_last_edited=\u00bbon|phone\u00bb header_font_size_tablet=\u00bb55px\u00bb header_font_size_last_edited=\u00bboff|desktop\u00bb global_colors_info=\u00bb{%22gcid-8b305f9d-4844-4604-ba06-445166ebe5d6%22:%91%22header_3_text_color%22%93}\u00bb]\n<h3>Autoras: <strong>Bertha Sola, Claudia Liliana Poveda Carre\u00f1o<\/strong><\/h3>\n<h3>ISBN: <strong>968-7165-61-8<\/strong><\/h3>\n<h3>N\u00famero de p\u00e1ginas: <strong>228<\/strong><\/h3>\n<h3>A\u00f1o de publicaci\u00f3n: <strong>2002<\/strong><\/h3>\n[\/et_pb_text][et_pb_button button_url=\u00bbhttps:\/\/cee.edu.mx\/NuestrasPublicaciones\/19_Vamos_a_promover_la_salud\/Capitulos\/Vamos_a_promover_la_salud_1.pdf\u00bb url_new_window=\u00bbon\u00bb button_text=\u00bbCap\u00edtulo I\u00bb _builder_version=\u00bb4.18.0&#8243; _module_preset=\u00bbdefault\u00bb custom_button=\u00bbon\u00bb button_text_size=\u00bb15px\u00bb button_text_color=\u00bb#424242&#8243; button_border_width=\u00bb0px\u00bb custom_margin=\u00bb||0px||false|false\u00bb global_colors_info=\u00bb{}\u00bb][\/et_pb_button][et_pb_button button_url=\u00bbhttps:\/\/cee.edu.mx\/NuestrasPublicaciones\/19_Vamos_a_promover_la_salud\/Capitulos\/Vamos_a_promover_la_salud_2.pdf\u00bb url_new_window=\u00bbon\u00bb button_text=\u00bbCap\u00edtulo II\u00bb _builder_version=\u00bb4.18.0&#8243; _module_preset=\u00bbdefault\u00bb custom_button=\u00bbon\u00bb button_text_size=\u00bb15px\u00bb button_text_color=\u00bb#424242&#8243; button_border_width=\u00bb0px\u00bb custom_margin=\u00bb||0px||false|false\u00bb global_colors_info=\u00bb{}\u00bb][\/et_pb_button][et_pb_button button_url=\u00bbhttps:\/\/cee.edu.mx\/NuestrasPublicaciones\/19_Vamos_a_promover_la_salud\/Capitulos\/Vamos_a_promover_la_salud_3.pdf\u00bb url_new_window=\u00bbon\u00bb button_text=\u00bbCap\u00edtulo III\u00bb _builder_version=\u00bb4.18.0&#8243; _module_preset=\u00bbdefault\u00bb custom_button=\u00bbon\u00bb button_text_size=\u00bb15px\u00bb button_text_color=\u00bb#424242&#8243; button_border_width=\u00bb0px\u00bb custom_margin=\u00bb||0px||false|false\u00bb global_colors_info=\u00bb{}\u00bb][\/et_pb_button][et_pb_button button_url=\u00bbhttps:\/\/cee.edu.mx\/NuestrasPublicaciones\/19_Vamos_a_promover_la_salud\/Capitulos\/Vamos_a_promover_la_salud_4.pdf\u00bb url_new_window=\u00bbon\u00bb button_text=\u00bbCap\u00edtulo IV\u00bb _builder_version=\u00bb4.18.0&#8243; _module_preset=\u00bbdefault\u00bb custom_button=\u00bbon\u00bb button_text_size=\u00bb15px\u00bb button_text_color=\u00bb#424242&#8243; button_border_width=\u00bb0px\u00bb custom_margin=\u00bb||0px||false|false\u00bb global_colors_info=\u00bb{}\u00bb][\/et_pb_button][\/et_pb_column][et_pb_column type=\u00bb2_5&#8243; _builder_version=\u00bb4.16&#8243; _module_preset=\u00bbdefault\u00bb global_colors_info=\u00bb{}\u00bb][et_pb_divider show_divider=\u00bboff\u00bb _builder_version=\u00bb4.18.0&#8243; _module_preset=\u00bbdefault\u00bb background_color=\u00bb#49a850&#8243; positioning=\u00bbabsolute\u00bb width=\u00bb200px\u00bb height=\u00bb200px\u00bb custom_margin=\u00bb-40px|-80px||-80px|false|false\u00bb border_radii=\u00bboff|100px|100px|100px|\u00bb locked=\u00bboff\u00bb global_colors_info=\u00bb{}\u00bb][\/et_pb_divider][et_pb_image src=\u00bbhttps:\/\/cee.edu.mx\/documentos\/wp-content\/uploads\/2022\/10\/19_Vamos_a_promover_la_salud.jpg\u00bb alt=\u00bbManual para la formaci\u00f3n de promotores de salud integral comunitaria\u00bb title_text=\u00bbVamos a promover la salud\u00bb _builder_version=\u00bb4.18.0&#8243; _module_preset=\u00bbdefault\u00bb border_radii=\u00bbon|8px|8px|8px|8px\u00bb box_shadow_style=\u00bbpreset3&#8243; box_shadow_vertical=\u00bb64px\u00bb box_shadow_blur=\u00bb48px\u00bb box_shadow_spread=\u00bb-24px\u00bb box_shadow_color=\u00bbrgba(0,0,0,0.24)\u00bb global_colors_info=\u00bb{}\u00bb][\/et_pb_image][et_pb_button button_url=\u00bbhttps:\/\/cee.edu.mx\/NuestrasPublicaciones\/19_Vamos_a_promover_la_salud\/Vamos_a_promover_la_salud.pdf\u00bb url_new_window=\u00bbon\u00bb button_text=\u00bbPublicaci\u00f3n completa\u00bb button_alignment=\u00bbright\u00bb _builder_version=\u00bb4.18.0&#8243; _module_preset=\u00bb6414ef9f-e386-4555-a7b7-4544a239078b\u00bb custom_button=\u00bbon\u00bb button_text_size=\u00bb14px\u00bb button_text_color=\u00bb#FFFFFF\u00bb button_bg_color=\u00bb#49a850&#8243; button_border_width=\u00bb0px\u00bb button_border_radius=\u00bb8px\u00bb button_letter_spacing=\u00bb1px\u00bb button_font=\u00bbHeebo|800||on|||||\u00bb custom_padding=\u00bb16px|20px|16px|20px|true|true\u00bb box_shadow_style=\u00bbpreset4&#8243; box_shadow_horizontal=\u00bb-4px\u00bb box_shadow_vertical=\u00bb4px\u00bb box_shadow_color=\u00bbrgba(73,169,81,0.24)\u00bb global_colors_info=\u00bb{}\u00bb][\/et_pb_button][\/et_pb_column][\/et_pb_row][et_pb_row _builder_version=\u00bb4.16&#8243; _module_preset=\u00bbdefault\u00bb global_colors_info=\u00bb{}\u00bb][et_pb_column type=\u00bb4_4&#8243; _builder_version=\u00bb4.16&#8243; _module_preset=\u00bbdefault\u00bb global_colors_info=\u00bb{}\u00bb][et_pb_text _builder_version=\u00bb4.18.0&#8243; _module_preset=\u00bb41d5859c-fbaa-458a-88e4-5d886857f235&#8243; text_font=\u00bbInter||||||||\u00bb text_text_color=\u00bb#424242&#8243; text_font_size=\u00bb18px\u00bb text_line_height=\u00bb1.8em\u00bb text_font_size_tablet=\u00bb16px\u00bb text_font_size_phone=\u00bb14px\u00bb text_font_size_last_edited=\u00bbon|phone\u00bb global_colors_info=\u00bb{}\u00bb]\n<p>Este trabajo es el resultado de un conjunto de esfuerzos y aportaciones profesionales y de diversas instituciones empe\u00f1adas en el mejoramiento de las condiciones de vida de la poblaci\u00f3n urbana en situaciones de pobreza, y pretende la formaci\u00f3n de agentes de salud desde una \u00f3ptica de comunidad.<\/p>\n<p>La idea original surge en C\u00e1ritas Arquidi\u00f3cesis de M\u00e9xico, I.A.P., instituci\u00f3n oficial de la Iglesia Cat\u00f3lica de la ciudad de M\u00e9xico en materia de acci\u00f3n socio caritativa, la cual desarrolla desde 1960 diversos programas en este sentido. No fue, sin embargo hasta 1992, con ocasi\u00f3n del II S\u00ednodo de la Arquidi\u00f3cesis de M\u00e9xico, cuando C\u00e1ritas quiso impulsar en las parroquias un programa de salud comunitaria sobre la base de los dispensarios m\u00e9dicos \u2013que hoy existen en un n\u00famero significativo de comunidades\u2013, no s\u00f3lo con el prop\u00f3sito de mejorar los servicios m\u00e9dicos a partir de estos centros de atenci\u00f3n, sino de promover un contingente importante de laicos, agentes de las parroquias, para que ellos se capacitasen como promotores y se diera as\u00ed la importancia que merece la educaci\u00f3n para la salud y la prevenci\u00f3n de enfermedades, ya que muchas de las m\u00e1s frecuentes pueden ser evitadas con medidas preventivas o con una sencilla orientaci\u00f3n oportuna.<\/p>\n[\/et_pb_text][\/et_pb_column][\/et_pb_row][\/et_pb_section][et_pb_section fb_built=\u00bb1&#8243; admin_label=\u00bbBooks\u00bb _builder_version=\u00bb4.18.0&#8243; _module_preset=\u00bbdefault\u00bb background_color=\u00bb#ffffff\u00bb custom_padding=\u00bb||3vw||false|false\u00bb locked=\u00bboff\u00bb global_colors_info=\u00bb{%22gcid-bafd0c31-2a11-4c7d-b3a8-caae4a4218d9%22:%91%22background_color%22%93}\u00bb][et_pb_row _builder_version=\u00bb4.21.0&#8243; _module_preset=\u00bbdefault\u00bb max_width=\u00bbnone\u00bb hover_enabled=\u00bb0&#8243; global_colors_info=\u00bb{}\u00bb width=\u00bb90%\u00bb sticky_enabled=\u00bb0&#8243;][et_pb_column type=\u00bb4_4&#8243; _builder_version=\u00bb4.16&#8243; _module_preset=\u00bbdefault\u00bb global_colors_info=\u00bb{}\u00bb][et_pb_blurb title=\u00bbOtras publicaciones\u00bb use_icon=\u00bbon\u00bb font_icon=\u00bb&#xe086;||divi||400&#8243; icon_color=\u00bbgcid-d17493c4-1b2d-41d9-9b25-c9343e59bc85&#8243; image_icon_background_color=\u00bb#FFFFFF\u00bb icon_placement=\u00bbleft\u00bb image_icon_width=\u00bb24px\u00bb content_max_width=\u00bb100%\u00bb _builder_version=\u00bb4.18.0&#8243; _module_preset=\u00bba947262d-0701-4077-825d-1385639c524f\u00bb header_font=\u00bbInter|700||on|||||\u00bb header_text_color=\u00bbgcid-d17493c4-1b2d-41d9-9b25-c9343e59bc85&#8243; header_font_size=\u00bb16px\u00bb header_letter_spacing=\u00bb1px\u00bb body_font=\u00bbInter||||||||\u00bb body_text_color=\u00bb#15414a\u00bb global_colors_info=\u00bb{%22gcid-d17493c4-1b2d-41d9-9b25-c9343e59bc85%22:%91%22header_text_color%22,%22icon_color%22%93}\u00bb][\/et_pb_blurb][\/et_pb_column][\/et_pb_row][et_pb_row column_structure=\u00bb1_6,1_6,1_6,1_6,1_6,1_6&#8243; use_custom_gutter=\u00bbon\u00bb gutter_width=\u00bb2&#8243; admin_label=\u00bbLibros F8&#8243; _builder_version=\u00bb4.21.0&#8243; _module_preset=\u00bbdefault\u00bb width=\u00bb90%\u00bb max_width=\u00bbnone\u00bb custom_padding=\u00bb47px|||||\u00bb global_colors_info=\u00bb{}\u00bb global_module=\u00bb5029&#8243; theme_builder_area=\u00bbpost_content\u00bb][et_pb_column type=\u00bb1_6&#8243; _builder_version=\u00bb4.21.0&#8243; _module_preset=\u00bbdefault\u00bb global_colors_info=\u00bb{}\u00bb theme_builder_area=\u00bbpost_content\u00bb][et_pb_image src=\u00bbhttps:\/\/cee.edu.mx\/documentos\/wp-content\/uploads\/2022\/10\/19_Vamos_a_promover_la_salud.jpg\u00bb alt=\u00bbManual para la formaci\u00f3n de promotores de salud integral comunitaria\u00bb title_text=\u00bbVamos a promover la salud\u00bb url=\u00bb@ET-DC@eyJkeW5hbWljIjp0cnVlLCJjb250ZW50IjoicG9zdF9saW5rX3VybF9wcm9qZWN0Iiwic2V0dGluZ3MiOnsicG9zdF9pZCI6IjE0ODIifX0=@\u00bb url_new_window=\u00bbon\u00bb admin_label=\u00bbImagen\u00bb _builder_version=\u00bb4.21.0&#8243; _dynamic_attributes=\u00bburl\u00bb _module_preset=\u00bbdefault\u00bb border_radii=\u00bbon|10px|10px|10px|10px\u00bb box_shadow_style=\u00bbpreset3&#8243; box_shadow_color=\u00bb#424242&#8243; global_colors_info=\u00bb{}\u00bb transform_styles__hover_enabled=\u00bbon|hover\u00bb transform_scale__hover=\u00bb110%|110%\u00bb transform_scale__hover_enabled=\u00bbon|hover\u00bb transform_translate__hover_enabled=\u00bbon|desktop\u00bb transform_rotate__hover_enabled=\u00bbon|desktop\u00bb transform_skew__hover_enabled=\u00bbon|desktop\u00bb transform_origin__hover_enabled=\u00bbon|desktop\u00bb theme_builder_area=\u00bbpost_content\u00bb][\/et_pb_image][et_pb_text _builder_version=\u00bb4.21.0&#8243; _module_preset=\u00bbdefault\u00bb text_font=\u00bbPoppins|500|||||||\u00bb text_orientation=\u00bbcenter\u00bb custom_margin=\u00bb-12px||7px||false|false\u00bb locked=\u00bboff\u00bb global_colors_info=\u00bb{}\u00bb theme_builder_area=\u00bbpost_content\u00bb]Vamos a promover la salud[\/et_pb_text][et_pb_text _builder_version=\u00bb4.21.0&#8243; _module_preset=\u00bbdefault\u00bb text_font=\u00bbPoppins|300|||||||\u00bb text_font_size=\u00bb15px\u00bb text_orientation=\u00bbcenter\u00bb global_colors_info=\u00bb{}\u00bb theme_builder_area=\u00bbpost_content\u00bb]Bertha Sola, Claudia Liliana Poveda Carre\u00f1o[\/et_pb_text][\/et_pb_column][et_pb_column type=\u00bb1_6&#8243; _builder_version=\u00bb4.21.0&#8243; _module_preset=\u00bbdefault\u00bb global_colors_info=\u00bb{}\u00bb theme_builder_area=\u00bbpost_content\u00bb][et_pb_image src=\u00bbhttps:\/\/cee.edu.mx\/documentos\/wp-content\/uploads\/2022\/10\/15_Aprender_a_ser_Maestro_rural.jpg\u00bb alt=\u00bbMaestro rural\u00bb title_text=\u00bbAprender a ser maestro rural | Un an\u00e1lisis de su formaci\u00f3n y de su concepci\u00f3n pedag\u00f3gica\u00bb url=\u00bb@ET-DC@eyJkeW5hbWljIjp0cnVlLCJjb250ZW50IjoicG9zdF9saW5rX3VybF9wcm9qZWN0Iiwic2V0dGluZ3MiOnsicG9zdF9pZCI6IjE0MTAifX0=@\u00bb url_new_window=\u00bbon\u00bb admin_label=\u00bbImagen\u00bb _builder_version=\u00bb4.21.0&#8243; _dynamic_attributes=\u00bburl\u00bb _module_preset=\u00bbdefault\u00bb border_radii=\u00bbon|10px|10px|10px|10px\u00bb box_shadow_style=\u00bbpreset3&#8243; box_shadow_color=\u00bb#424242&#8243; global_colors_info=\u00bb{}\u00bb transform_styles__hover_enabled=\u00bbon|hover\u00bb transform_scale__hover_enabled=\u00bbon|hover\u00bb transform_translate__hover_enabled=\u00bbon|desktop\u00bb transform_rotate__hover_enabled=\u00bbon|desktop\u00bb transform_skew__hover_enabled=\u00bbon|desktop\u00bb transform_origin__hover_enabled=\u00bbon|desktop\u00bb transform_scale__hover=\u00bb110%|110%\u00bb theme_builder_area=\u00bbpost_content\u00bb][\/et_pb_image][et_pb_text _builder_version=\u00bb4.21.0&#8243; _module_preset=\u00bbdefault\u00bb text_font=\u00bbPoppins|500|||||||\u00bb text_orientation=\u00bbcenter\u00bb custom_margin=\u00bb-12px||7px||false|false\u00bb global_colors_info=\u00bb{}\u00bb theme_builder_area=\u00bbpost_content\u00bb]Aprender a ser maestro rural | Un an\u00e1lisis de su formaci\u00f3n y de su concepci\u00f3n pedag\u00f3gica[\/et_pb_text][et_pb_text _builder_version=\u00bb4.21.0&#8243; _module_preset=\u00bbdefault\u00bb text_font=\u00bbPoppins|300|||||||\u00bb text_font_size=\u00bb15px\u00bb text_orientation=\u00bbcenter\u00bb global_colors_info=\u00bb{}\u00bb theme_builder_area=\u00bbpost_content\u00bb]Lesvia Oliva Rosas Carrasco[\/et_pb_text][\/et_pb_column][et_pb_column type=\u00bb1_6&#8243; _builder_version=\u00bb4.21.0&#8243; _module_preset=\u00bbdefault\u00bb global_colors_info=\u00bb{}\u00bb theme_builder_area=\u00bbpost_content\u00bb][et_pb_image src=\u00bbhttps:\/\/cee.edu.mx\/documentos\/wp-content\/uploads\/2022\/10\/13_Linderos_Dialogos_sobre_IE.jpg\u00bb alt=\u00bbLinderos\u00bb title_text=\u00bbLinderos, Di\u00e1logos sobre investigaci\u00f3n educativa\u00bb url=\u00bb@ET-DC@eyJkeW5hbWljIjp0cnVlLCJjb250ZW50IjoicG9zdF9saW5rX3VybF9wcm9qZWN0Iiwic2V0dGluZ3MiOnsicG9zdF9pZCI6IjEzODUifX0=@\u00bb url_new_window=\u00bbon\u00bb admin_label=\u00bbImagen\u00bb _builder_version=\u00bb4.21.0&#8243; _dynamic_attributes=\u00bburl\u00bb _module_preset=\u00bbdefault\u00bb border_radii=\u00bbon|10px|10px|10px|10px\u00bb box_shadow_style=\u00bbpreset3&#8243; box_shadow_color=\u00bb#424242&#8243; global_colors_info=\u00bb{}\u00bb transform_styles__hover_enabled=\u00bbon|hover\u00bb transform_scale__hover_enabled=\u00bbon|hover\u00bb transform_translate__hover_enabled=\u00bbon|desktop\u00bb transform_rotate__hover_enabled=\u00bbon|desktop\u00bb transform_skew__hover_enabled=\u00bbon|desktop\u00bb transform_origin__hover_enabled=\u00bbon|desktop\u00bb transform_scale__hover=\u00bb110%|110%\u00bb theme_builder_area=\u00bbpost_content\u00bb][\/et_pb_image][et_pb_text _builder_version=\u00bb4.21.0&#8243; _module_preset=\u00bbdefault\u00bb text_font=\u00bbPoppins|500|||||||\u00bb text_orientation=\u00bbcenter\u00bb custom_margin=\u00bb-12px||7px||false|false\u00bb global_colors_info=\u00bb{}\u00bb theme_builder_area=\u00bbpost_content\u00bb]Linderos[\/et_pb_text][et_pb_text _builder_version=\u00bb4.21.0&#8243; _module_preset=\u00bbdefault\u00bb text_font=\u00bbPoppins|300|||||||\u00bb text_font_size=\u00bb15px\u00bb text_orientation=\u00bbcenter\u00bb global_colors_info=\u00bb{}\u00bb theme_builder_area=\u00bbpost_content\u00bb]Pedro Gerardo Rodr\u00edguez Moreno[\/et_pb_text][\/et_pb_column][et_pb_column type=\u00bb1_6&#8243; _builder_version=\u00bb4.21.0&#8243; _module_preset=\u00bbdefault\u00bb global_colors_info=\u00bb{}\u00bb theme_builder_area=\u00bbpost_content\u00bb][et_pb_image src=\u00bbhttps:\/\/cee.edu.mx\/documentos\/wp-content\/uploads\/2022\/10\/16_Educacion_Rural_en_Mexico_en_el_siglo_XXI.jpg\u00bb alt=\u00bbEducaci\u00f3n rural en M\u00e9xico en el siglo XXI, Antolog\u00eda\u00bb title_text=\u00bbEducaci\u00f3n rural en M\u00e9xico en el siglo XXI, Antolog\u00eda\u00bb url=\u00bb@ET-DC@eyJkeW5hbWljIjp0cnVlLCJjb250ZW50IjoicG9zdF9saW5rX3VybF9wcm9qZWN0Iiwic2V0dGluZ3MiOnsicG9zdF9pZCI6IjE0MTcifX0=@\u00bb url_new_window=\u00bbon\u00bb admin_label=\u00bbImagen\u00bb _builder_version=\u00bb4.21.0&#8243; _dynamic_attributes=\u00bburl\u00bb _module_preset=\u00bbdefault\u00bb border_radii=\u00bbon|10px|10px|10px|10px\u00bb box_shadow_style=\u00bbpreset3&#8243; box_shadow_color=\u00bb#424242&#8243; global_colors_info=\u00bb{}\u00bb transform_styles__hover_enabled=\u00bbon|hover\u00bb transform_scale__hover_enabled=\u00bbon|hover\u00bb transform_translate__hover_enabled=\u00bbon|desktop\u00bb transform_rotate__hover_enabled=\u00bbon|desktop\u00bb transform_skew__hover_enabled=\u00bbon|desktop\u00bb transform_origin__hover_enabled=\u00bbon|desktop\u00bb transform_scale__hover=\u00bb110%|110%\u00bb theme_builder_area=\u00bbpost_content\u00bb][\/et_pb_image][et_pb_text _builder_version=\u00bb4.21.0&#8243; _dynamic_attributes=\u00bblink_option_url\u00bb _module_preset=\u00bbdefault\u00bb text_font=\u00bbPoppins|500|||||||\u00bb text_orientation=\u00bbcenter\u00bb custom_margin=\u00bb-12px||7px||false|false\u00bb custom_padding=\u00bb||0px|||\u00bb link_option_url=\u00bb@ET-DC@eyJkeW5hbWljIjp0cnVlLCJjb250ZW50IjoicG9zdF9saW5rX3VybF9wcm9qZWN0Iiwic2V0dGluZ3MiOnsicG9zdF9pZCI6IjQyNjQifX0=@\u00bb link_option_url_new_window=\u00bbon\u00bb global_colors_info=\u00bb{}\u00bb theme_builder_area=\u00bbpost_content\u00bb]Educaci\u00f3n rural en M\u00e9xico en el siglo XXI | Antolog\u00eda[\/et_pb_text][et_pb_text _builder_version=\u00bb4.21.0&#8243; _module_preset=\u00bbdefault\u00bb text_font=\u00bbPoppins|300|||||||\u00bb text_font_size=\u00bb15px\u00bb text_orientation=\u00bbcenter\u00bb global_colors_info=\u00bb{}\u00bb theme_builder_area=\u00bbpost_content\u00bb]Lesvia Oliva Rosas Carrasco[\/et_pb_text][\/et_pb_column][et_pb_column type=\u00bb1_6&#8243; _builder_version=\u00bb4.21.0&#8243; _module_preset=\u00bbdefault\u00bb global_colors_info=\u00bb{}\u00bb theme_builder_area=\u00bbpost_content\u00bb][et_pb_image src=\u00bbhttps:\/\/cee.edu.mx\/documentos\/wp-content\/uploads\/2022\/10\/17_Maestros_que_transforman_su_practica_educativa.jpg\u00bb alt=\u00bbHacia una nueva escuela multigrado\u00bb title_text=\u00bbMaestros que transforman su pr\u00e1ctica educativa\u00bb url=\u00bb@ET-DC@eyJkeW5hbWljIjp0cnVlLCJjb250ZW50IjoicG9zdF9saW5rX3VybF9wcm9qZWN0Iiwic2V0dGluZ3MiOnsicG9zdF9pZCI6IjE0MjcifX0=@\u00bb url_new_window=\u00bbon\u00bb admin_label=\u00bbImagen\u00bb _builder_version=\u00bb4.21.0&#8243; _dynamic_attributes=\u00bburl\u00bb _module_preset=\u00bbdefault\u00bb border_radii=\u00bbon|10px|10px|10px|10px\u00bb box_shadow_style=\u00bbpreset3&#8243; box_shadow_color=\u00bb#424242&#8243; global_colors_info=\u00bb{}\u00bb transform_styles__hover_enabled=\u00bbon|hover\u00bb transform_scale__hover=\u00bb110%|110%\u00bb transform_scale__hover_enabled=\u00bbon|hover\u00bb transform_translate__hover_enabled=\u00bbon|desktop\u00bb transform_rotate__hover_enabled=\u00bbon|desktop\u00bb transform_skew__hover_enabled=\u00bbon|desktop\u00bb transform_origin__hover_enabled=\u00bbon|desktop\u00bb theme_builder_area=\u00bbpost_content\u00bb][\/et_pb_image][et_pb_text _builder_version=\u00bb4.21.0&#8243; _dynamic_attributes=\u00bblink_option_url\u00bb _module_preset=\u00bbdefault\u00bb text_font=\u00bbPoppins|500|||||||\u00bb text_orientation=\u00bbcenter\u00bb custom_margin=\u00bb-12px||7px||false|false\u00bb custom_padding=\u00bb||0px|||\u00bb link_option_url=\u00bb@ET-DC@eyJkeW5hbWljIjp0cnVlLCJjb250ZW50IjoicG9zdF9saW5rX3VybF9wcm9qZWN0Iiwic2V0dGluZ3MiOnsicG9zdF9pZCI6IjQyNjQifX0=@\u00bb link_option_url_new_window=\u00bbon\u00bb global_colors_info=\u00bb{}\u00bb theme_builder_area=\u00bbpost_content\u00bb]Maestros que transforman su pr\u00e1ctica educativa | Hacia una nueva escuela multigrado[\/et_pb_text][et_pb_text _builder_version=\u00bb4.21.0&#8243; _module_preset=\u00bbdefault\u00bb text_font=\u00bbPoppins|300|||||||\u00bb text_font_size=\u00bb15px\u00bb text_orientation=\u00bbcenter\u00bb global_colors_info=\u00bb{}\u00bb theme_builder_area=\u00bbpost_content\u00bb]Lesvia Oliva Rosas Carrasco[\/et_pb_text][\/et_pb_column][et_pb_column type=\u00bb1_6&#8243; _builder_version=\u00bb4.21.0&#8243; _module_preset=\u00bbdefault\u00bb global_colors_info=\u00bb{}\u00bb theme_builder_area=\u00bbpost_content\u00bb][et_pb_image src=\u00bbhttps:\/\/cee.edu.mx\/documentos\/wp-content\/uploads\/2022\/10\/21_Para_padres_con_vision.jpg\u00bb alt=\u00bbPara padres con visi\u00f3n Gu\u00eda de educaci\u00f3n inicial para ni\u00f1as y ni\u00f1os con discapacidad visual, 0-2 a\u00f1os\u00bb title_text=\u00bbPara padres con visi\u00f3n  Gu\u00eda de educaci\u00f3n inicial para ni\u00f1as y ni\u00f1os con discapacidad visual, 0-2 a\u00f1os\u00bb url=\u00bb@ET-DC@eyJkeW5hbWljIjp0cnVlLCJjb250ZW50IjoicG9zdF9saW5rX3VybF9wcm9qZWN0Iiwic2V0dGluZ3MiOnsicG9zdF9pZCI6IjE1MDgifX0=@\u00bb url_new_window=\u00bbon\u00bb admin_label=\u00bbImagen\u00bb _builder_version=\u00bb4.21.0&#8243; _dynamic_attributes=\u00bburl\u00bb _module_preset=\u00bbdefault\u00bb border_radii=\u00bbon|10px|10px|10px|10px\u00bb box_shadow_style=\u00bbpreset3&#8243; box_shadow_color=\u00bb#424242&#8243; global_colors_info=\u00bb{}\u00bb transform_styles__hover_enabled=\u00bbon|hover\u00bb transform_scale__hover_enabled=\u00bbon|hover\u00bb transform_translate__hover_enabled=\u00bbon|desktop\u00bb transform_rotate__hover_enabled=\u00bbon|desktop\u00bb transform_skew__hover_enabled=\u00bbon|desktop\u00bb transform_origin__hover_enabled=\u00bbon|desktop\u00bb transform_scale__hover=\u00bb110%|110%\u00bb theme_builder_area=\u00bbpost_content\u00bb][\/et_pb_image][et_pb_text _builder_version=\u00bb4.21.0&#8243; _dynamic_attributes=\u00bblink_option_url\u00bb _module_preset=\u00bbdefault\u00bb text_font=\u00bbPoppins|500|||||||\u00bb text_orientation=\u00bbcenter\u00bb custom_margin=\u00bb-12px||7px||false|false\u00bb custom_padding=\u00bb||0px|||\u00bb link_option_url=\u00bb@ET-DC@eyJkeW5hbWljIjp0cnVlLCJjb250ZW50IjoicG9zdF9saW5rX3VybF9wcm9qZWN0Iiwic2V0dGluZ3MiOnsicG9zdF9pZCI6IjQyNjQifX0=@\u00bb link_option_url_new_window=\u00bbon\u00bb global_colors_info=\u00bb{}\u00bb theme_builder_area=\u00bbpost_content\u00bb]Para padres con visi\u00f3n[\/et_pb_text][et_pb_text _builder_version=\u00bb4.21.0&#8243; _module_preset=\u00bbdefault\u00bb text_font=\u00bbPoppins|300|||||||\u00bb text_font_size=\u00bb15px\u00bb text_orientation=\u00bbcenter\u00bb global_colors_info=\u00bb{}\u00bb theme_builder_area=\u00bbpost_content\u00bb] Irma Reveles Ruiz, Carlos Niembro Acosta[\/et_pb_text][\/et_pb_column][\/et_pb_row][et_pb_row _builder_version=\u00bb4.21.0&#8243; _module_preset=\u00bbdefault\u00bb max_width=\u00bbnone\u00bb hover_enabled=\u00bb0&#8243; global_colors_info=\u00bb{}\u00bb width=\u00bb90%\u00bb sticky_enabled=\u00bb0&#8243;][et_pb_column type=\u00bb4_4&#8243; _builder_version=\u00bb4.16&#8243; _module_preset=\u00bbdefault\u00bb global_colors_info=\u00bb{}\u00bb][et_pb_button button_url=\u00bbhttps:\/\/cee.edu.mx\/documentos\/inicio\/\u00bb button_text=\u00bbVer todas las publicaciones\u00bb _builder_version=\u00bb4.18.0&#8243; _module_preset=\u00bb6414ef9f-e386-4555-a7b7-4544a239078b\u00bb custom_button=\u00bbon\u00bb button_text_size=\u00bb14px\u00bb button_text_color=\u00bb#FFFFFF\u00bb button_bg_color=\u00bbgcid-d17493c4-1b2d-41d9-9b25-c9343e59bc85&#8243; button_border_width=\u00bb0px\u00bb button_border_radius=\u00bb8px\u00bb button_letter_spacing=\u00bb1px\u00bb button_font=\u00bbHeebo|800||on|||||\u00bb custom_padding=\u00bb16px|20px|16px|20px|true|true\u00bb box_shadow_style=\u00bbpreset4&#8243; box_shadow_horizontal=\u00bb-4px\u00bb box_shadow_vertical=\u00bb4px\u00bb global_colors_info=\u00bb{%22gcid-d17493c4-1b2d-41d9-9b25-c9343e59bc85%22:%91%22button_bg_color%22%93}\u00bb][\/et_pb_button][\/et_pb_column][\/et_pb_row][\/et_pb_section]\n<span class=\"et_bloom_bottom_trigger\"><\/span>","protected":false},"excerpt":{"rendered":"<p>Vamos a promover la salud<br \/>\nManual para la formaci\u00f3n de promotores de salud integral comunitaria<\/p>\n<p>Autoras: Bertha Sola, Claudia Liliana Poveda Carre\u00f1o<br \/>\nISBN: 968-7165-61-8<br \/>\nN\u00famero de p\u00e1ginas: 228<br \/>\nA\u00f1o de publicaci\u00f3n: 2002<\/p>\n<p>Este trabajo es el resultado de un conjunto de esfuerzos y aportaciones profesionales y de diversas instituciones empe\u00f1adas en el mejoramiento de las condiciones de vida de la poblaci\u00f3n urbana en situaciones de pobreza, y pretende la formaci\u00f3n de agentes de salud desde una \u00f3ptica de comunidad.<br \/>\nLa idea original surge en C\u00e1ritas Arquidi\u00f3cesis de M\u00e9xico, I.A.P., instituci\u00f3n oficial de la Iglesia Cat\u00f3lica de la ciudad de M\u00e9xico en materia de acci\u00f3n socio caritativa, la cual desarrolla desde 1960 diversos programas en este sentido. No fue, sin embargo hasta 1992, con ocasi\u00f3n del II S\u00ednodo de la Arquidi\u00f3cesis de M\u00e9xico, cuando C\u00e1ritas quiso impulsar en las parroquias un programa de salud comunitaria sobre la base de los dispensarios m\u00e9dicos \u2013que hoy existen en un n\u00famero significativo de comunidades\u2013, no s\u00f3lo con el prop\u00f3sito de mejorar los servicios m\u00e9dicos a partir de estos centros de atenci\u00f3n, sino de promover un contingente importante de laicos, agentes de las parroquias, para que ellos se capacitasen como promotores y se diera as\u00ed la importancia que merece la educaci\u00f3n para la salud y la prevenci\u00f3n de enfermedades, ya que muchas de las m\u00e1s frecuentes pueden ser evitadas con medidas preventivas o con una sencilla orientaci\u00f3n oportuna.<\/p>\n","protected":false},"author":2,"featured_media":3165,"comment_status":"closed","ping_status":"closed","template":"","meta":{"_et_pb_use_builder":"on","_et_pb_old_content":"","_et_gb_content_width":"","footnotes":""},"project_category":[137],"project_tag":[138],"class_list":["post-1482","project","type-project","status-publish","has-post-thumbnail","hentry","project_category-nuestras-publicaciones","project_tag-nuestras-publicaciones"],"jetpack_sharing_enabled":true,"_links":{"self":[{"href":"https:\/\/cee.edu.mx\/documentos\/wp-json\/wp\/v2\/project\/1482","targetHints":{"allow":["GET"]}}],"collection":[{"href":"https:\/\/cee.edu.mx\/documentos\/wp-json\/wp\/v2\/project"}],"about":[{"href":"https:\/\/cee.edu.mx\/documentos\/wp-json\/wp\/v2\/types\/project"}],"author":[{"embeddable":true,"href":"https:\/\/cee.edu.mx\/documentos\/wp-json\/wp\/v2\/users\/2"}],"replies":[{"embeddable":true,"href":"https:\/\/cee.edu.mx\/documentos\/wp-json\/wp\/v2\/comments?post=1482"}],"version-history":[{"count":15,"href":"https:\/\/cee.edu.mx\/documentos\/wp-json\/wp\/v2\/project\/1482\/revisions"}],"predecessor-version":[{"id":5214,"href":"https:\/\/cee.edu.mx\/documentos\/wp-json\/wp\/v2\/project\/1482\/revisions\/5214"}],"wp:featuredmedia":[{"embeddable":true,"href":"https:\/\/cee.edu.mx\/documentos\/wp-json\/wp\/v2\/media\/3165"}],"wp:attachment":[{"href":"https:\/\/cee.edu.mx\/documentos\/wp-json\/wp\/v2\/media?parent=1482"}],"wp:term":[{"taxonomy":"project_category","embeddable":true,"href":"https:\/\/cee.edu.mx\/documentos\/wp-json\/wp\/v2\/project_category?post=1482"},{"taxonomy":"project_tag","embeddable":true,"href":"https:\/\/cee.edu.mx\/documentos\/wp-json\/wp\/v2\/project_tag?post=1482"}],"curies":[{"name":"wp","href":"https:\/\/api.w.org\/{rel}","templated":true}]}}