{"id":1342,"date":"2019-05-20T19:30:15","date_gmt":"2019-05-20T19:30:15","guid":{"rendered":"https:\/\/cee.edu.mx\/documentos\/?post_type=project&#038;p=1342"},"modified":"2023-07-05T17:29:50","modified_gmt":"2023-07-05T17:29:50","slug":"tendencias-educativas-oficiales-de-mexico-tomo-ii-1911-1934","status":"publish","type":"project","link":"https:\/\/cee.edu.mx\/documentos\/project\/tendencias-educativas-oficiales-de-mexico-tomo-ii-1911-1934\/","title":{"rendered":"Tendencias educativas oficiales de M\u00e9xico, Tomo II, 1911-1934"},"content":{"rendered":"[et_pb_section fb_built=\u00bb1&#8243; admin_label=\u00bbBook\u00bb _builder_version=\u00bb4.18.0&#8243; _module_preset=\u00bbdefault\u00bb background_color=\u00bbrgba(0,0,0,0.05)\u00bb locked=\u00bboff\u00bb global_colors_info=\u00bb{%22gcid-8b305f9d-4844-4604-ba06-445166ebe5d6%22:%91%22background_color%22%93,%22gcid-bafd0c31-2a11-4c7d-b3a8-caae4a4218d9%22:%91%22background_color%22%93}\u00bb][et_pb_row column_structure=\u00bb3_5,2_5&#8243; _builder_version=\u00bb4.16&#8243; _module_preset=\u00bbdefault\u00bb global_colors_info=\u00bb{}\u00bb][et_pb_column type=\u00bb3_5&#8243; _builder_version=\u00bb4.16&#8243; _module_preset=\u00bbdefault\u00bb custom_padding=\u00bb10%||||false|false\u00bb global_colors_info=\u00bb{}\u00bb][et_pb_blurb title=\u00bbLibro\u00bb use_icon=\u00bbon\u00bb font_icon=\u00bb&#xe086;||divi||400&#8243; icon_color=\u00bb#49a850&#8243; icon_placement=\u00bbleft\u00bb image_icon_width=\u00bb24px\u00bb content_max_width=\u00bb100%\u00bb _builder_version=\u00bb4.18.0&#8243; _module_preset=\u00bba947262d-0701-4077-825d-1385639c524f\u00bb header_font=\u00bbInter|700||on|||||\u00bb header_text_color=\u00bb#49a850&#8243; header_font_size=\u00bb16px\u00bb header_letter_spacing=\u00bb1px\u00bb body_font=\u00bbInter||||||||\u00bb body_text_color=\u00bb#15414a\u00bb global_colors_info=\u00bb{}\u00bb][\/et_pb_blurb][et_pb_text _builder_version=\u00bb4.18.0&#8243; _module_preset=\u00bbe864d11f-3dab-4fa3-ac06-4f0e1a260807&#8243; header_font=\u00bbHeebo|700|||||||\u00bb header_text_color=\u00bb#424242&#8243; header_font_size=\u00bb50px\u00bb header_line_height=\u00bb1.1em\u00bb custom_margin=\u00bb||10px||false|false\u00bb header_font_size_tablet=\u00bb40px\u00bb header_font_size_phone=\u00bb24px\u00bb header_font_size_last_edited=\u00bbon|desktop\u00bb global_colors_info=\u00bb{}\u00bb]\n<h1>Tendencias educativas oficiales de M\u00e9xico<\/h1>\n[\/et_pb_text][et_pb_text _builder_version=\u00bb4.18.0&#8243; _module_preset=\u00bb5ff55506-da7d-4dd7-b409-9d62c7203201&#8243; text_font=\u00bbInter||||||||\u00bb text_text_color=\u00bb#424242&#8243; text_font_size=\u00bb16px\u00bb text_line_height=\u00bb1.8em\u00bb link_text_color=\u00bb#FF5D67&#8243; header_text_color=\u00bb#424242&#8243; text_font_size_tablet=\u00bb15px\u00bb text_font_size_phone=\u00bb14px\u00bb text_font_size_last_edited=\u00bbon|phone\u00bb header_font_size_tablet=\u00bb55px\u00bb header_font_size_last_edited=\u00bboff|desktop\u00bb global_colors_info=\u00bb{}\u00bb]Tomo II, 1911-1934[\/et_pb_text][et_pb_text _builder_version=\u00bb4.18.0&#8243; _module_preset=\u00bb5ff55506-da7d-4dd7-b409-9d62c7203201&#8243; text_font=\u00bbInter||||||||\u00bb text_text_color=\u00bb#15414a\u00bb text_font_size=\u00bb16px\u00bb text_line_height=\u00bb1.8em\u00bb link_text_color=\u00bb#FF5D67&#8243; header_3_font=\u00bbInter||||||||\u00bb header_3_text_color=\u00bb#E09900&#8243; header_3_font_size=\u00bb14px\u00bb custom_margin=\u00bb||10px||false|false\u00bb text_font_size_tablet=\u00bb15px\u00bb text_font_size_phone=\u00bb14px\u00bb text_font_size_last_edited=\u00bbon|phone\u00bb header_font_size_tablet=\u00bb55px\u00bb header_font_size_last_edited=\u00bboff|desktop\u00bb global_colors_info=\u00bb{%22gcid-8b305f9d-4844-4604-ba06-445166ebe5d6%22:%91%22header_3_text_color%22%93}\u00bb]\n<h3>Autor: <strong>Meneses Morales Ernesto<\/strong><\/h3>\n<h3>ISBN: <strong>968-7165-23-5<\/strong><\/h3>\n<h3>N\u00famero de p\u00e1ginas: <strong>818<\/strong><\/h3>\n<h3>A\u00f1o de publicaci\u00f3n: <strong>1986<\/strong><\/h3>\n[\/et_pb_text][et_pb_slider arrows_custom_color=\u00bb#424242&#8243; dot_nav_custom_color=\u00bb#424242&#8243; _builder_version=\u00bb4.18.0&#8243; _module_preset=\u00bbdefault\u00bb custom_padding=\u00bb20px||65px||false|false\u00bb global_colors_info=\u00bb{}\u00bb][et_pb_slide heading=\u00bbLOS MODELOS EXTRANJEROS DE LA EDUCACI\u00d3N MEXICANA EN EL SIGLO XX\u00bb button_text=\u00bbCap\u00edtulo 1&#8243; button_link=\u00bbhttps:\/\/cee.edu.mx\/NuestrasPublicaciones\/11_TENDENCIAS-I-V\/Capitulos%20TEOM%20T2\/TEOM-II_Capitulo_1.pdf\u00bb url_new_window=\u00bbon\u00bb _builder_version=\u00bb4.18.0&#8243; _module_preset=\u00bbdefault\u00bb header_level=\u00bbh2&#8243; header_text_color=\u00bb#424242&#8243; header_font_size=\u00bb19px\u00bb background_color=\u00bbRGBA(255,255,255,0)\u00bb background_enable_color=\u00bbon\u00bb custom_button=\u00bbon\u00bb button_text_size=\u00bb15px\u00bb button_text_color=\u00bb#424242&#8243; button_border_width=\u00bb0px\u00bb button_border_radius=\u00bb0px\u00bb button_use_icon=\u00bbon\u00bb global_colors_info=\u00bb{}\u00bb button_bg_color__hover_enabled=\u00bbon|desktop\u00bb button_bg_color__hover=\u00bbrgba(229,229,229,0.9)\u00bb button_bg_enable_color__hover=\u00bbon\u00bb sticky_transition=\u00bbon\u00bb][\/et_pb_slide][et_pb_slide heading=\u00bbEL ESTALLIDO DE LA REVOLUCI\u00d3N\u00bb button_text=\u00bbCap\u00edtulo 2&#8243; button_link=\u00bbhttps:\/\/cee.edu.mx\/NuestrasPublicaciones\/11_TENDENCIAS-I-V\/Capitulos%20TEOM%20T2\/TEOM-II_Capitulo_2.pdf\u00bb url_new_window=\u00bbon\u00bb _builder_version=\u00bb4.18.0&#8243; _module_preset=\u00bbdefault\u00bb header_text_color=\u00bb#424242&#8243; header_font_size=\u00bb19px\u00bb background_color=\u00bbRGBA(255,255,255,0)\u00bb background_enable_color=\u00bbon\u00bb custom_button=\u00bbon\u00bb button_text_size=\u00bb15px\u00bb button_text_color=\u00bb#424242&#8243; button_border_width=\u00bb0px\u00bb button_border_radius=\u00bb0px\u00bb button_use_icon=\u00bbon\u00bb global_colors_info=\u00bb{}\u00bb button_bg_color__hover_enabled=\u00bbon|desktop\u00bb button_bg_color__hover=\u00bbrgba(229,229,229,0.9)\u00bb button_bg_enable_color__hover=\u00bbon\u00bb sticky_transition=\u00bbon\u00bb][\/et_pb_slide][et_pb_slide heading=\u00bbEL TRIUNFO DE LA REVOLUCI\u00d3N\u00bb button_text=\u00bbCap\u00edtulo 3&#8243; button_link=\u00bbhttps:\/\/cee.edu.mx\/NuestrasPublicaciones\/11_TENDENCIAS-I-V\/Capitulos%20TEOM%20T2\/TEOM-II_Capitulo_3.pdf\u00bb url_new_window=\u00bbon\u00bb _builder_version=\u00bb4.18.0&#8243; _module_preset=\u00bbdefault\u00bb header_text_color=\u00bb#424242&#8243; header_font_size=\u00bb19px\u00bb background_color=\u00bbRGBA(255,255,255,0)\u00bb background_enable_color=\u00bbon\u00bb custom_button=\u00bbon\u00bb button_text_size=\u00bb15px\u00bb button_text_color=\u00bb#424242&#8243; button_border_width=\u00bb0px\u00bb button_border_radius=\u00bb0px\u00bb button_use_icon=\u00bbon\u00bb global_colors_info=\u00bb{}\u00bb button_bg_color__hover_enabled=\u00bbon|desktop\u00bb button_bg_color__hover=\u00bbrgba(229,229,229,0.9)\u00bb button_bg_enable_color__hover=\u00bbon\u00bb sticky_transition=\u00bbon\u00bb][\/et_pb_slide][et_pb_slide heading=\u00bbLOS PRIMEROS ENSAYOS EDUCATIVOS (1911-1913)\u00bb button_text=\u00bbCap\u00edtulo 4&#8243; button_link=\u00bbhttps:\/\/cee.edu.mx\/NuestrasPublicaciones\/11_TENDENCIAS-I-V\/Capitulos%20TEOM%20T2\/TEOM-II_Capitulo_4.pdf\u00bb url_new_window=\u00bbon\u00bb _builder_version=\u00bb4.18.0&#8243; _module_preset=\u00bbdefault\u00bb header_text_color=\u00bb#424242&#8243; header_font_size=\u00bb19px\u00bb background_color=\u00bbRGBA(255,255,255,0)\u00bb background_enable_color=\u00bbon\u00bb custom_button=\u00bbon\u00bb button_text_size=\u00bb15px\u00bb button_text_color=\u00bb#424242&#8243; button_border_width=\u00bb0px\u00bb button_border_radius=\u00bb0px\u00bb button_use_icon=\u00bbon\u00bb global_colors_info=\u00bb{}\u00bb button_bg_color__hover_enabled=\u00bbon|desktop\u00bb button_bg_color__hover=\u00bbrgba(229,229,229,0.9)\u00bb button_bg_enable_color__hover=\u00bbon\u00bb sticky_transition=\u00bbon\u00bb][\/et_pb_slide][et_pb_slide heading=\u00bbLA EDUCACI\u00d3N DESDE LA CA\u00cdDA DE HUERTA HASTA LA SUPRESI\u00d3N DE LA SECRETAR\u00cdA DE INSTRUCCI\u00d3N P\u00daBLICA Y BELLAS ARTES (1914-1917)\u00bb button_text=\u00bbCap\u00edtulo 5&#8243; button_link=\u00bbhttps:\/\/cee.edu.mx\/NuestrasPublicaciones\/11_TENDENCIAS-I-V\/Capitulos%20TEOM%20T2\/TEOM-II_Capitulo_5.pdf\u00bb url_new_window=\u00bbon\u00bb _builder_version=\u00bb4.18.0&#8243; _module_preset=\u00bbdefault\u00bb header_text_color=\u00bb#424242&#8243; header_font_size=\u00bb19px\u00bb background_color=\u00bbRGBA(255,255,255,0)\u00bb background_enable_color=\u00bbon\u00bb custom_button=\u00bbon\u00bb button_text_size=\u00bb15px\u00bb button_text_color=\u00bb#424242&#8243; button_border_width=\u00bb0px\u00bb button_border_radius=\u00bb0px\u00bb button_use_icon=\u00bbon\u00bb global_colors_info=\u00bb{}\u00bb button_bg_color__hover_enabled=\u00bbon|desktop\u00bb button_bg_color__hover=\u00bbrgba(229,229,229,0.9)\u00bb button_bg_enable_color__hover=\u00bbon\u00bb sticky_transition=\u00bbon\u00bb][\/et_pb_slide][et_pb_slide heading=\u00bbLA EDUCACI\u00d3N DURANTE LA ADMINISTRACI\u00d3N DE CARRANZA\u00bb button_text=\u00bbCap\u00edtulo 6&#8243; button_link=\u00bbhttps:\/\/cee.edu.mx\/NuestrasPublicaciones\/11_TENDENCIAS-I-V\/Capitulos%20TEOM%20T2\/TEOM-II_Capitulo_6.pdf\u00bb url_new_window=\u00bbon\u00bb _builder_version=\u00bb4.18.0&#8243; _module_preset=\u00bbdefault\u00bb header_text_color=\u00bb#424242&#8243; header_font_size=\u00bb19px\u00bb background_color=\u00bbRGBA(255,255,255,0)\u00bb background_enable_color=\u00bbon\u00bb custom_button=\u00bbon\u00bb button_text_size=\u00bb15px\u00bb button_text_color=\u00bb#424242&#8243; button_border_width=\u00bb0px\u00bb button_border_radius=\u00bb0px\u00bb button_use_icon=\u00bbon\u00bb link_option_url_new_window=\u00bbon\u00bb global_colors_info=\u00bb{}\u00bb button_bg_color__hover_enabled=\u00bbon|desktop\u00bb button_bg_color__hover=\u00bbrgba(229,229,229,0.9)\u00bb button_bg_enable_color__hover=\u00bbon\u00bb sticky_transition=\u00bbon\u00bb][\/et_pb_slide][et_pb_slide heading=\u00bbEL PAR\u00c9NTESIS DE ADOLFO DE LA HUERTA Y EL INICIO DE LA ESTABILIZACI\u00d3N. LA PRESIDENCIA DE ALVARO OBREG\u00d3N\u00bb button_text=\u00bbCap\u00edtulo 7&#8243; button_link=\u00bbhttps:\/\/cee.edu.mx\/NuestrasPublicaciones\/11_TENDENCIAS-I-V\/Capitulos%20TEOM%20T2\/TEOM-II_Capitulo_7.pdf\u00bb url_new_window=\u00bbon\u00bb _builder_version=\u00bb4.18.0&#8243; _module_preset=\u00bbdefault\u00bb header_text_color=\u00bb#424242&#8243; header_font_size=\u00bb19px\u00bb background_color=\u00bbRGBA(255,255,255,0)\u00bb background_enable_color=\u00bbon\u00bb custom_button=\u00bbon\u00bb button_text_size=\u00bb15px\u00bb button_text_color=\u00bb#424242&#8243; button_border_width=\u00bb0px\u00bb button_border_radius=\u00bb0px\u00bb button_use_icon=\u00bbon\u00bb link_option_url_new_window=\u00bbon\u00bb global_colors_info=\u00bb{}\u00bb button_bg_color__hover_enabled=\u00bbon|desktop\u00bb button_bg_color__hover=\u00bbrgba(229,229,229,0.9)\u00bb button_bg_enable_color__hover=\u00bbon\u00bb sticky_transition=\u00bbon\u00bb][\/et_pb_slide][et_pb_slide heading=\u00bbLA CRUZADA EDUCATIVA DE JOS\u00c9 VASCONCELOS\u00bb button_text=\u00bbCap\u00edtulo 8&#8243; button_link=\u00bbhttps:\/\/cee.edu.mx\/NuestrasPublicaciones\/11_TENDENCIAS-I-V\/Capitulos%20TEOM%20T2\/TEOM-II_Capitulo_8.pdf\u00bb url_new_window=\u00bbon\u00bb _builder_version=\u00bb4.18.0&#8243; _module_preset=\u00bbdefault\u00bb header_text_color=\u00bb#424242&#8243; header_font_size=\u00bb19px\u00bb background_color=\u00bbRGBA(255,255,255,0)\u00bb background_enable_color=\u00bbon\u00bb custom_button=\u00bbon\u00bb button_text_size=\u00bb15px\u00bb button_text_color=\u00bb#424242&#8243; button_border_width=\u00bb0px\u00bb button_border_radius=\u00bb0px\u00bb button_use_icon=\u00bbon\u00bb global_colors_info=\u00bb{}\u00bb button_bg_color__hover_enabled=\u00bbon|desktop\u00bb button_bg_color__hover=\u00bbrgba(229,229,229,0.9)\u00bb button_bg_enable_color__hover=\u00bbon\u00bb sticky_transition=\u00bbon\u00bb][\/et_pb_slide][et_pb_slide heading=\u00bbLA OBRA DE VASCONCELOS SE CONSOLIDA\u00bb button_text=\u00bbCap\u00edtulo 9&#8243; button_link=\u00bbhttps:\/\/cee.edu.mx\/NuestrasPublicaciones\/11_TENDENCIAS-I-V\/Capitulos%20TEOM%20T2\/TEOM-II_Capitulo_9.pdf\u00bb url_new_window=\u00bbon\u00bb _builder_version=\u00bb4.18.0&#8243; _module_preset=\u00bbdefault\u00bb header_text_color=\u00bb#424242&#8243; header_font_size=\u00bb19px\u00bb background_color=\u00bbRGBA(255,255,255,0)\u00bb background_enable_color=\u00bbon\u00bb custom_button=\u00bbon\u00bb button_text_size=\u00bb15px\u00bb button_text_color=\u00bb#424242&#8243; button_border_width=\u00bb0px\u00bb button_border_radius=\u00bb0px\u00bb button_use_icon=\u00bbon\u00bb link_option_url_new_window=\u00bbon\u00bb global_colors_info=\u00bb{}\u00bb button_bg_color__hover_enabled=\u00bbon|desktop\u00bb button_bg_color__hover=\u00bbrgba(229,229,229,0.9)\u00bb button_bg_enable_color__hover=\u00bbon\u00bb sticky_transition=\u00bbon\u00bb][\/et_pb_slide][et_pb_slide heading=\u00bbUN PROMETEDOR COMIENZO PARA LA EDUCACI\u00d3N: EL R\u00c9GIMEN DEL GENERAL PLUTARCO EL\u00cdAS CALLES (1924-1928)\u00bb button_text=\u00bbCap\u00edtulo 10&#8243; button_link=\u00bbhttps:\/\/cee.edu.mx\/NuestrasPublicaciones\/11_TENDENCIAS-I-V\/Capitulos%20TEOM%20T2\/TEOM-II_Capitulo_10.pdf\u00bb url_new_window=\u00bbon\u00bb _builder_version=\u00bb4.18.0&#8243; _module_preset=\u00bbdefault\u00bb header_text_color=\u00bb#424242&#8243; header_font_size=\u00bb19px\u00bb background_color=\u00bbRGBA(255,255,255,0)\u00bb background_enable_color=\u00bbon\u00bb custom_button=\u00bbon\u00bb button_text_size=\u00bb15px\u00bb button_text_color=\u00bb#424242&#8243; button_border_width=\u00bb0px\u00bb button_border_radius=\u00bb0px\u00bb button_use_icon=\u00bbon\u00bb global_colors_info=\u00bb{}\u00bb button_bg_color__hover_enabled=\u00bbon|desktop\u00bb button_bg_color__hover=\u00bbrgba(229,229,229,0.9)\u00bb button_bg_enable_color__hover=\u00bbon\u00bb sticky_transition=\u00bbon\u00bb][\/et_pb_slide][et_pb_slide heading=\u00bbNUBES EN EL HORIZONTE EDUCATIVO\u00bb button_text=\u00bbCap\u00edtulo 11&#8243; button_link=\u00bbhttps:\/\/cee.edu.mx\/NuestrasPublicaciones\/11_TENDENCIAS-I-V\/Capitulos%20TEOM%20T2\/TEOM-II_Capitulo_11.pdf\u00bb url_new_window=\u00bbon\u00bb _builder_version=\u00bb4.18.0&#8243; _module_preset=\u00bbdefault\u00bb header_text_color=\u00bb#424242&#8243; header_font_size=\u00bb19px\u00bb background_color=\u00bbRGBA(255,255,255,0)\u00bb background_enable_color=\u00bbon\u00bb custom_button=\u00bbon\u00bb button_text_size=\u00bb15px\u00bb button_text_color=\u00bb#424242&#8243; button_border_width=\u00bb0px\u00bb button_border_radius=\u00bb0px\u00bb button_use_icon=\u00bbon\u00bb link_option_url_new_window=\u00bbon\u00bb global_colors_info=\u00bb{}\u00bb button_bg_color__hover_enabled=\u00bbon|desktop\u00bb button_bg_color__hover=\u00bbrgba(229,229,229,0.9)\u00bb button_bg_enable_color__hover=\u00bbon\u00bb sticky_transition=\u00bbon\u00bb][\/et_pb_slide][et_pb_slide heading=\u00bbLA EDUCACI\u00d3N DURANTE EL INICIO DEL MAXIMATO\u00bb button_text=\u00bbCap\u00edtulo 12&#8243; button_link=\u00bbhttps:\/\/cee.edu.mx\/NuestrasPublicaciones\/11_TENDENCIAS-I-V\/Capitulos%20TEOM%20T2\/TEOM-II_Capitulo_12.pdf\u00bb url_new_window=\u00bbon\u00bb _builder_version=\u00bb4.18.0&#8243; _module_preset=\u00bbdefault\u00bb header_text_color=\u00bb#424242&#8243; header_font_size=\u00bb19px\u00bb background_color=\u00bbRGBA(255,255,255,0)\u00bb background_enable_color=\u00bbon\u00bb custom_button=\u00bbon\u00bb button_text_size=\u00bb15px\u00bb button_text_color=\u00bb#424242&#8243; button_border_width=\u00bb0px\u00bb button_border_radius=\u00bb0px\u00bb button_use_icon=\u00bbon\u00bb link_option_url_new_window=\u00bbon\u00bb global_colors_info=\u00bb{}\u00bb button_bg_color__hover_enabled=\u00bbon|desktop\u00bb button_bg_color__hover=\u00bbrgba(229,229,229,0.9)\u00bb button_bg_enable_color__hover=\u00bbon\u00bb sticky_transition=\u00bbon\u00bb][\/et_pb_slide][et_pb_slide heading=\u00bbLA EDUCACION OFICIAL EN EL \u201cMINIMATO\u201d PRESIDENCIAL DE PASCUAL ORTIZ RUBIO\u00bb button_text=\u00bbCap\u00edtulo 13&#8243; button_link=\u00bbhttps:\/\/cee.edu.mx\/NuestrasPublicaciones\/11_TENDENCIAS-I-V\/Capitulos%20TEOM%20T2\/TEOM-II_Capitulo_13.pdf\u00bb url_new_window=\u00bbon\u00bb _builder_version=\u00bb4.18.0&#8243; _module_preset=\u00bbdefault\u00bb header_text_color=\u00bb#424242&#8243; header_font_size=\u00bb19px\u00bb background_color=\u00bbRGBA(255,255,255,0)\u00bb background_enable_color=\u00bbon\u00bb custom_button=\u00bbon\u00bb button_text_size=\u00bb15px\u00bb button_text_color=\u00bb#424242&#8243; button_border_width=\u00bb0px\u00bb button_border_radius=\u00bb0px\u00bb button_use_icon=\u00bbon\u00bb link_option_url_new_window=\u00bbon\u00bb global_colors_info=\u00bb{}\u00bb button_bg_color__hover_enabled=\u00bbon|desktop\u00bb button_bg_color__hover=\u00bbrgba(229,229,229,0.9)\u00bb button_bg_enable_color__hover=\u00bbon\u00bb sticky_transition=\u00bbon\u00bb][\/et_pb_slide][et_pb_slide heading=\u00bbLA SECRETAR\u00cdA DE EDUCACI\u00d3N P\u00daBLICA EN LOS PRIMEROS A\u00d1OS DE LA GESTI\u00d3N DE NARCISO BASSOLS\u00bb button_text=\u00bbCap\u00edtulo 14&#8243; button_link=\u00bbhttps:\/\/cee.edu.mx\/NuestrasPublicaciones\/11_TENDENCIAS-I-V\/Capitulos%20TEOM%20T2\/TEOM-II_Capitulo_14.pdf\u00bb url_new_window=\u00bbon\u00bb _builder_version=\u00bb4.18.0&#8243; _module_preset=\u00bbdefault\u00bb header_text_color=\u00bb#424242&#8243; header_font_size=\u00bb19px\u00bb background_color=\u00bbRGBA(255,255,255,0)\u00bb background_enable_color=\u00bbon\u00bb custom_button=\u00bbon\u00bb button_text_size=\u00bb15px\u00bb button_text_color=\u00bb#424242&#8243; button_border_width=\u00bb0px\u00bb button_border_radius=\u00bb0px\u00bb button_use_icon=\u00bbon\u00bb link_option_url_new_window=\u00bbon\u00bb global_colors_info=\u00bb{}\u00bb button_bg_color__hover_enabled=\u00bbon|desktop\u00bb button_bg_color__hover=\u00bbrgba(229,229,229,0.9)\u00bb button_bg_enable_color__hover=\u00bbon\u00bb sticky_transition=\u00bbon\u00bb][\/et_pb_slide][et_pb_slide heading=\u00bbNUEVOS CONFLICTOS EN LA SEP\u00bb button_text=\u00bbCap\u00edtulo 15&#8243; button_link=\u00bbhttps:\/\/cee.edu.mx\/NuestrasPublicaciones\/11_TENDENCIAS-I-V\/Capitulos%20TEOM%20T2\/TEOM-II_Capitulo_15.pdf\u00bb url_new_window=\u00bbon\u00bb _builder_version=\u00bb4.18.0&#8243; _module_preset=\u00bbdefault\u00bb header_text_color=\u00bb#424242&#8243; header_font_size=\u00bb19px\u00bb background_color=\u00bbRGBA(255,255,255,0)\u00bb background_enable_color=\u00bbon\u00bb custom_button=\u00bbon\u00bb button_text_size=\u00bb15px\u00bb button_text_color=\u00bb#424242&#8243; button_border_width=\u00bb0px\u00bb button_border_radius=\u00bb0px\u00bb button_use_icon=\u00bbon\u00bb link_option_url_new_window=\u00bbon\u00bb global_colors_info=\u00bb{}\u00bb button_bg_color__hover_enabled=\u00bbon|desktop\u00bb button_bg_color__hover=\u00bbrgba(229,229,229,0.9)\u00bb button_bg_enable_color__hover=\u00bbon\u00bb sticky_transition=\u00bbon\u00bb][\/et_pb_slide][et_pb_slide heading=\u00bbCONSIDERACIONES FINALES\u00bb button_text=\u00bbCap\u00edtulo 16&#8243; button_link=\u00bbhttps:\/\/cee.edu.mx\/NuestrasPublicaciones\/11_TENDENCIAS-I-V\/Capitulos%20TEOM%20T2\/TEOM-II_Capitulo_16.pdf\u00bb url_new_window=\u00bbon\u00bb _builder_version=\u00bb4.18.0&#8243; _module_preset=\u00bbdefault\u00bb header_text_color=\u00bb#424242&#8243; header_font_size=\u00bb19px\u00bb background_color=\u00bbRGBA(255,255,255,0)\u00bb background_enable_color=\u00bbon\u00bb custom_button=\u00bbon\u00bb button_text_size=\u00bb15px\u00bb button_text_color=\u00bb#424242&#8243; button_border_width=\u00bb0px\u00bb button_border_radius=\u00bb0px\u00bb button_use_icon=\u00bbon\u00bb link_option_url_new_window=\u00bbon\u00bb global_colors_info=\u00bb{}\u00bb button_bg_color__hover_enabled=\u00bbon|desktop\u00bb button_bg_color__hover=\u00bbrgba(229,229,229,0.9)\u00bb button_bg_enable_color__hover=\u00bbon\u00bb sticky_transition=\u00bbon\u00bb][\/et_pb_slide][\/et_pb_slider][\/et_pb_column][et_pb_column type=\u00bb2_5&#8243; _builder_version=\u00bb4.16&#8243; _module_preset=\u00bbdefault\u00bb global_colors_info=\u00bb{}\u00bb][et_pb_divider show_divider=\u00bboff\u00bb _builder_version=\u00bb4.18.0&#8243; _module_preset=\u00bbdefault\u00bb background_color=\u00bb#49a850&#8243; positioning=\u00bbabsolute\u00bb width=\u00bb200px\u00bb height=\u00bb200px\u00bb custom_margin=\u00bb-40px|-80px||-80px|false|false\u00bb border_radii=\u00bboff|100px|100px|100px|\u00bb locked=\u00bboff\u00bb global_colors_info=\u00bb{}\u00bb][\/et_pb_divider][et_pb_image src=\u00bbhttps:\/\/cee.edu.mx\/documentos\/wp-content\/uploads\/2022\/10\/11_TENDENCIAS-II.jpg\u00bb alt=\u00bbTendencias educativas oficiales de M\u00e9xico, Tomo II, 1911-1934&#8243; title_text=\u00bbTendencias educativas oficiales de M\u00e9xico, Tomo II, 1911-1934&#8243; _builder_version=\u00bb4.18.0&#8243; _module_preset=\u00bbdefault\u00bb border_radii=\u00bbon|8px|8px|8px|8px\u00bb box_shadow_style=\u00bbpreset3&#8243; box_shadow_vertical=\u00bb64px\u00bb box_shadow_blur=\u00bb48px\u00bb box_shadow_spread=\u00bb-24px\u00bb box_shadow_color=\u00bbrgba(0,0,0,0.24)\u00bb global_colors_info=\u00bb{}\u00bb][\/et_pb_image][et_pb_button button_url=\u00bbhttps:\/\/cee.edu.mx\/NuestrasPublicaciones\/11_TENDENCIAS-I-V\/TEOM-II.pdf\u00bb url_new_window=\u00bbon\u00bb button_text=\u00bbPublicaci\u00f3n completa\u00bb button_alignment=\u00bbright\u00bb _builder_version=\u00bb4.18.0&#8243; _module_preset=\u00bb6414ef9f-e386-4555-a7b7-4544a239078b\u00bb custom_button=\u00bbon\u00bb button_text_size=\u00bb14px\u00bb button_text_color=\u00bb#FFFFFF\u00bb button_bg_color=\u00bb#49a850&#8243; button_border_width=\u00bb0px\u00bb button_border_radius=\u00bb8px\u00bb button_letter_spacing=\u00bb1px\u00bb button_font=\u00bbHeebo|800||on|||||\u00bb custom_padding=\u00bb16px|20px|16px|20px|true|true\u00bb box_shadow_style=\u00bbpreset4&#8243; box_shadow_horizontal=\u00bb-4px\u00bb box_shadow_vertical=\u00bb4px\u00bb box_shadow_color=\u00bbrgba(73,169,81,0.24)\u00bb global_colors_info=\u00bb{}\u00bb][\/et_pb_button][\/et_pb_column][\/et_pb_row][et_pb_row _builder_version=\u00bb4.16&#8243; _module_preset=\u00bbdefault\u00bb global_colors_info=\u00bb{}\u00bb][et_pb_column type=\u00bb4_4&#8243; _builder_version=\u00bb4.16&#8243; _module_preset=\u00bbdefault\u00bb global_colors_info=\u00bb{}\u00bb][et_pb_text _builder_version=\u00bb4.18.0&#8243; _module_preset=\u00bb41d5859c-fbaa-458a-88e4-5d886857f235&#8243; text_font=\u00bbInter||||||||\u00bb text_text_color=\u00bb#424242&#8243; text_font_size=\u00bb18px\u00bb text_line_height=\u00bb1.8em\u00bb text_font_size_tablet=\u00bb16px\u00bb text_font_size_phone=\u00bb14px\u00bb text_font_size_last_edited=\u00bbon|phone\u00bb global_colors_info=\u00bb{}\u00bb]Este volumen trata, como el anterior, de conseguir tres objetivos: primero, relatar los eventos educativos desde la renuncia de Porfirio D\u00edaz hasta el t\u00e9rmino del mandato de Abelardo Rodr\u00edguez; segundo, identificar las tendencias educativas presentes en estos a\u00f1os de la vida nacional y, tercero, averiguar si \u00e9stas llegaron a formar una verdadera filosof\u00eda educativa. La obra descansa en el mismo presupuesto: la historia de la educaci\u00f3n es fundamentalmente una historia social y existe una relaci\u00f3n estrecha entre la educaci\u00f3n y la sociedad, de suerte que aqu\u00e9lla refleja a \u00e9sta y, a medida que una cambia significativamente, la otra lo hace tambi\u00e9n. Por consiguiente, la historia de la educaci\u00f3n no puede prescindir de hablar de la sociedad de la cual forma parte. Esta mutua relaci\u00f3n implica que la historia de la educaci\u00f3n comprende la historia de la filosof\u00eda, la pol\u00edtica, la metodolog\u00eda, la psicolog\u00eda y aun la religi\u00f3n e incluye no s\u00f3lo estos t\u00f3picos, sino tambi\u00e9n las aspiraciones del pueblo, especialmente de sus dirigentes y pensadores.[\/et_pb_text][\/et_pb_column][\/et_pb_row][\/et_pb_section][et_pb_section fb_built=\u00bb1&#8243; admin_label=\u00bbBooks\u00bb _builder_version=\u00bb4.18.0&#8243; _module_preset=\u00bbdefault\u00bb background_color=\u00bb#ffffff\u00bb custom_padding=\u00bb||3vw||false|false\u00bb locked=\u00bboff\u00bb global_colors_info=\u00bb{%22gcid-bafd0c31-2a11-4c7d-b3a8-caae4a4218d9%22:%91%22background_color%22%93}\u00bb][et_pb_row _builder_version=\u00bb4.21.0&#8243; _module_preset=\u00bbdefault\u00bb max_width=\u00bbnone\u00bb hover_enabled=\u00bb0&#8243; global_colors_info=\u00bb{}\u00bb width=\u00bb90%\u00bb sticky_enabled=\u00bb0&#8243;][et_pb_column type=\u00bb4_4&#8243; _builder_version=\u00bb4.16&#8243; _module_preset=\u00bbdefault\u00bb global_colors_info=\u00bb{}\u00bb][et_pb_blurb title=\u00bbOtras publicaciones\u00bb use_icon=\u00bbon\u00bb font_icon=\u00bb&#xe086;||divi||400&#8243; icon_color=\u00bbgcid-d17493c4-1b2d-41d9-9b25-c9343e59bc85&#8243; image_icon_background_color=\u00bb#FFFFFF\u00bb icon_placement=\u00bbleft\u00bb image_icon_width=\u00bb24px\u00bb content_max_width=\u00bb100%\u00bb _builder_version=\u00bb4.18.0&#8243; _module_preset=\u00bba947262d-0701-4077-825d-1385639c524f\u00bb header_font=\u00bbInter|700||on|||||\u00bb header_text_color=\u00bbgcid-d17493c4-1b2d-41d9-9b25-c9343e59bc85&#8243; header_font_size=\u00bb16px\u00bb header_letter_spacing=\u00bb1px\u00bb body_font=\u00bbInter||||||||\u00bb body_text_color=\u00bb#15414a\u00bb global_colors_info=\u00bb{%22gcid-d17493c4-1b2d-41d9-9b25-c9343e59bc85%22:%91%22header_text_color%22,%22icon_color%22%93}\u00bb][\/et_pb_blurb][\/et_pb_column][\/et_pb_row][et_pb_row column_structure=\u00bb1_6,1_6,1_6,1_6,1_6,1_6&#8243; use_custom_gutter=\u00bbon\u00bb gutter_width=\u00bb2&#8243; admin_label=\u00bbLibros F3&#8243; _builder_version=\u00bb4.21.0&#8243; _module_preset=\u00bbdefault\u00bb width=\u00bb90%\u00bb max_width=\u00bbnone\u00bb custom_padding=\u00bb47px|||||\u00bb global_colors_info=\u00bb{}\u00bb global_module=\u00bb4987&#8243; theme_builder_area=\u00bbpost_content\u00bb][et_pb_column type=\u00bb1_6&#8243; _builder_version=\u00bb4.21.0&#8243; _module_preset=\u00bbdefault\u00bb global_colors_info=\u00bb{}\u00bb theme_builder_area=\u00bbpost_content\u00bb][et_pb_image src=\u00bbhttps:\/\/cee.edu.mx\/documentos\/wp-content\/uploads\/2022\/10\/Educacion_comunicacion_y_lenguaje.jpg\u00bb alt=\u00bbFundamentos para la alfabetizaci\u00f3n de adultos en Am\u00e9rica Latina\u00bb title_text=\u00bbEducaci\u00f3n, comunicaci\u00f3n y lenguaje\u00bb url=\u00bb@ET-DC@eyJkeW5hbWljIjp0cnVlLCJjb250ZW50IjoicG9zdF9saW5rX3VybF9wcm9qZWN0Iiwic2V0dGluZ3MiOnsicG9zdF9pZCI6IjM2NTAifX0=@\u00bb url_new_window=\u00bbon\u00bb admin_label=\u00bbImagen\u00bb _builder_version=\u00bb4.21.0&#8243; _dynamic_attributes=\u00bburl\u00bb _module_preset=\u00bbdefault\u00bb border_radii=\u00bbon|10px|10px|10px|10px\u00bb box_shadow_style=\u00bbpreset3&#8243; box_shadow_color=\u00bb#424242&#8243; global_colors_info=\u00bb{}\u00bb transform_styles__hover_enabled=\u00bbon|hover\u00bb transform_scale__hover=\u00bb110%|110%\u00bb transform_scale__hover_enabled=\u00bbon|hover\u00bb transform_translate__hover_enabled=\u00bbon|desktop\u00bb transform_rotate__hover_enabled=\u00bbon|desktop\u00bb transform_skew__hover_enabled=\u00bbon|desktop\u00bb transform_origin__hover_enabled=\u00bbon|desktop\u00bb theme_builder_area=\u00bbpost_content\u00bb][\/et_pb_image][et_pb_text _builder_version=\u00bb4.21.0&#8243; _module_preset=\u00bbdefault\u00bb text_font=\u00bbPoppins|500|||||||\u00bb text_orientation=\u00bbcenter\u00bb custom_margin=\u00bb-12px||7px||false|false\u00bb locked=\u00bboff\u00bb global_colors_info=\u00bb{}\u00bb theme_builder_area=\u00bbpost_content\u00bb]Educaci\u00f3n, Comunicaci\u00f3n y Lenguaje[\/et_pb_text][et_pb_text _builder_version=\u00bb4.21.0&#8243; _module_preset=\u00bbdefault\u00bb text_font=\u00bbPoppins|300|||||||\u00bb text_font_size=\u00bb15px\u00bb text_orientation=\u00bbcenter\u00bb global_colors_info=\u00bb{}\u00bb theme_builder_area=\u00bbpost_content\u00bb]\n<p>M. Isabel Infante R.<\/p>\n[\/et_pb_text][\/et_pb_column][et_pb_column type=\u00bb1_6&#8243; _builder_version=\u00bb4.21.0&#8243; _module_preset=\u00bbdefault\u00bb global_colors_info=\u00bb{}\u00bb theme_builder_area=\u00bbpost_content\u00bb][et_pb_image src=\u00bbhttps:\/\/cee.edu.mx\/documentos\/wp-content\/uploads\/2022\/10\/Los-maestros-de-educacion-basica-Estudios-de-su-mercado-de-trabajo-1983.png\u00bb alt=\u00bbLos maestros de educaci\u00f3n b\u00e1sica: estudios de su mercado de trabajo\u00bb title_text=\u00bbLos maestros de educaci\u00f3n b\u00e1sica:  estudios de su mercado de trabajo\u00bb url=\u00bb@ET-DC@eyJkeW5hbWljIjp0cnVlLCJjb250ZW50IjoicG9zdF9saW5rX3VybF9wcm9qZWN0Iiwic2V0dGluZ3MiOnsicG9zdF9pZCI6IjgwMyJ9fQ==@\u00bb url_new_window=\u00bbon\u00bb admin_label=\u00bbImagen\u00bb _builder_version=\u00bb4.21.0&#8243; _dynamic_attributes=\u00bburl\u00bb _module_preset=\u00bbdefault\u00bb border_radii=\u00bbon|10px|10px|10px|10px\u00bb box_shadow_style=\u00bbpreset3&#8243; box_shadow_color=\u00bb#424242&#8243; global_colors_info=\u00bb{}\u00bb transform_styles__hover_enabled=\u00bbon|hover\u00bb transform_scale__hover_enabled=\u00bbon|hover\u00bb transform_translate__hover_enabled=\u00bbon|desktop\u00bb transform_rotate__hover_enabled=\u00bbon|desktop\u00bb transform_skew__hover_enabled=\u00bbon|desktop\u00bb transform_origin__hover_enabled=\u00bbon|desktop\u00bb transform_scale__hover=\u00bb110%|110%\u00bb theme_builder_area=\u00bbpost_content\u00bb][\/et_pb_image][et_pb_text _builder_version=\u00bb4.21.0&#8243; _module_preset=\u00bbdefault\u00bb text_font=\u00bbPoppins|500|||||||\u00bb text_orientation=\u00bbcenter\u00bb custom_margin=\u00bb-12px||7px||false|false\u00bb global_colors_info=\u00bb{}\u00bb theme_builder_area=\u00bbpost_content\u00bb]Los maestros de educaci\u00f3n b\u00e1sica: estudios de su mercado de trabajo[\/et_pb_text][et_pb_text _builder_version=\u00bb4.21.0&#8243; _module_preset=\u00bbdefault\u00bb text_font=\u00bbPoppins|300|||||||\u00bb text_font_size=\u00bb15px\u00bb text_orientation=\u00bbcenter\u00bb global_colors_info=\u00bb{}\u00bb theme_builder_area=\u00bbpost_content\u00bb]Carlos Mu\u00f1oz Izquierdo, Sylvia Schmelkes[\/et_pb_text][\/et_pb_column][et_pb_column type=\u00bb1_6&#8243; _builder_version=\u00bb4.21.0&#8243; _module_preset=\u00bbdefault\u00bb global_colors_info=\u00bb{}\u00bb theme_builder_area=\u00bbpost_content\u00bb][et_pb_image src=\u00bbhttps:\/\/cee.edu.mx\/documentos\/wp-content\/uploads\/2022\/10\/10_Los_tseltales_Paganos_o_cristianos.jpg\u00bb alt=\u00bbSu religi\u00f3n: \u00bfsincretismo o s\u00edntesis?\u00bb title_text=\u00bbLos tseltales: \u00bfpaganos o cristianos?\u00bb url=\u00bb@ET-DC@eyJkeW5hbWljIjp0cnVlLCJjb250ZW50IjoicG9zdF9saW5rX3VybF9wcm9qZWN0Iiwic2V0dGluZ3MiOnsicG9zdF9pZCI6IjEzMTgifX0=@\u00bb url_new_window=\u00bbon\u00bb admin_label=\u00bbImagen\u00bb _builder_version=\u00bb4.21.0&#8243; _dynamic_attributes=\u00bburl\u00bb _module_preset=\u00bbdefault\u00bb border_radii=\u00bbon|10px|10px|10px|10px\u00bb box_shadow_style=\u00bbpreset3&#8243; box_shadow_color=\u00bb#424242&#8243; global_colors_info=\u00bb{}\u00bb transform_styles__hover_enabled=\u00bbon|hover\u00bb transform_scale__hover_enabled=\u00bbon|hover\u00bb transform_translate__hover_enabled=\u00bbon|desktop\u00bb transform_rotate__hover_enabled=\u00bbon|desktop\u00bb transform_skew__hover_enabled=\u00bbon|desktop\u00bb transform_origin__hover_enabled=\u00bbon|desktop\u00bb transform_scale__hover=\u00bb110%|110%\u00bb theme_builder_area=\u00bbpost_content\u00bb][\/et_pb_image][et_pb_text _builder_version=\u00bb4.21.0&#8243; _module_preset=\u00bbdefault\u00bb text_font=\u00bbPoppins|500|||||||\u00bb text_orientation=\u00bbcenter\u00bb custom_margin=\u00bb-12px||7px||false|false\u00bb global_colors_info=\u00bb{}\u00bb theme_builder_area=\u00bbpost_content\u00bb]Los tseltales: \u00bfpaganos o cristianos?[\/et_pb_text][et_pb_text _builder_version=\u00bb4.21.0&#8243; _module_preset=\u00bbdefault\u00bb text_font=\u00bbPoppins|300|||||||\u00bb text_font_size=\u00bb15px\u00bb text_orientation=\u00bbcenter\u00bb global_colors_info=\u00bb{}\u00bb theme_builder_area=\u00bbpost_content\u00bb]Eugenio Maurer[\/et_pb_text][\/et_pb_column][et_pb_column type=\u00bb1_6&#8243; _builder_version=\u00bb4.21.0&#8243; _module_preset=\u00bbdefault\u00bb global_colors_info=\u00bb{}\u00bb theme_builder_area=\u00bbpost_content\u00bb][et_pb_image src=\u00bbhttps:\/\/cee.edu.mx\/documentos\/wp-content\/uploads\/2022\/10\/11_TENDENCIAS-I.jpg\u00bb alt=\u00bbTendencias educativas oficiales de M\u00e9xico, Tomo I, 1821-1911&#8243; title_text=\u00bbTendencias educativas oficiales de M\u00e9xico, Tomo I, 1821-1911&#8243; url=\u00bb@ET-DC@eyJkeW5hbWljIjp0cnVlLCJjb250ZW50IjoicG9zdF9saW5rX3VybF9wcm9qZWN0Iiwic2V0dGluZ3MiOnsicG9zdF9pZCI6IjEzMjcifX0=@\u00bb url_new_window=\u00bbon\u00bb admin_label=\u00bbImagen\u00bb _builder_version=\u00bb4.21.0&#8243; _dynamic_attributes=\u00bburl\u00bb _module_preset=\u00bbdefault\u00bb border_radii=\u00bbon|10px|10px|10px|10px\u00bb box_shadow_style=\u00bbpreset3&#8243; box_shadow_color=\u00bb#424242&#8243; global_colors_info=\u00bb{}\u00bb transform_styles__hover_enabled=\u00bbon|hover\u00bb transform_scale__hover_enabled=\u00bbon|hover\u00bb transform_translate__hover_enabled=\u00bbon|desktop\u00bb transform_rotate__hover_enabled=\u00bbon|desktop\u00bb transform_skew__hover_enabled=\u00bbon|desktop\u00bb transform_origin__hover_enabled=\u00bbon|desktop\u00bb transform_scale__hover=\u00bb110%|110%\u00bb theme_builder_area=\u00bbpost_content\u00bb][\/et_pb_image][et_pb_text _builder_version=\u00bb4.21.0&#8243; _dynamic_attributes=\u00bblink_option_url\u00bb _module_preset=\u00bbdefault\u00bb text_font=\u00bbPoppins|500|||||||\u00bb text_orientation=\u00bbcenter\u00bb custom_margin=\u00bb-12px||7px||false|false\u00bb custom_padding=\u00bb||0px|||\u00bb link_option_url=\u00bb@ET-DC@eyJkeW5hbWljIjp0cnVlLCJjb250ZW50IjoicG9zdF9saW5rX3VybF9wcm9qZWN0Iiwic2V0dGluZ3MiOnsicG9zdF9pZCI6IjQyNjQifX0=@\u00bb link_option_url_new_window=\u00bbon\u00bb global_colors_info=\u00bb{}\u00bb theme_builder_area=\u00bbpost_content\u00bb]\n<p>Tendencias educativas oficiales de M\u00e9xico, Tomo I, 1821-1911<\/p>\n[\/et_pb_text][et_pb_text _builder_version=\u00bb4.21.0&#8243; _module_preset=\u00bbdefault\u00bb text_font=\u00bbPoppins|300|||||||\u00bb text_font_size=\u00bb15px\u00bb text_orientation=\u00bbcenter\u00bb global_colors_info=\u00bb{}\u00bb theme_builder_area=\u00bbpost_content\u00bb]Meneses Morales Ernesto[\/et_pb_text][\/et_pb_column][et_pb_column type=\u00bb1_6&#8243; _builder_version=\u00bb4.21.0&#8243; _module_preset=\u00bbdefault\u00bb global_colors_info=\u00bb{}\u00bb theme_builder_area=\u00bbpost_content\u00bb][et_pb_image src=\u00bbhttps:\/\/cee.edu.mx\/documentos\/wp-content\/uploads\/2022\/10\/Sociologia_de_una_profesion_El_caso_de_enfermeria.jpg\u00bb alt=\u00bbSociolog\u00eda de una profesi\u00f3n El caso de enfermer\u00eda\u00bb title_text=\u00bbSociolog\u00eda de una profesi\u00f3n El caso de enfermer\u00eda\u00bb url=\u00bb@ET-DC@eyJkeW5hbWljIjp0cnVlLCJjb250ZW50IjoicG9zdF9saW5rX3VybF9wcm9qZWN0Iiwic2V0dGluZ3MiOnsicG9zdF9pZCI6IjM5NTAifX0=@\u00bb url_new_window=\u00bbon\u00bb admin_label=\u00bbImagen\u00bb _builder_version=\u00bb4.21.0&#8243; _dynamic_attributes=\u00bburl\u00bb _module_preset=\u00bbdefault\u00bb border_radii=\u00bbon|10px|10px|10px|10px\u00bb box_shadow_style=\u00bbpreset3&#8243; box_shadow_color=\u00bb#424242&#8243; global_colors_info=\u00bb{}\u00bb transform_styles__hover_enabled=\u00bbon|hover\u00bb transform_scale__hover=\u00bb110%|110%\u00bb transform_scale__hover_enabled=\u00bbon|hover\u00bb transform_translate__hover_enabled=\u00bbon|desktop\u00bb transform_rotate__hover_enabled=\u00bbon|desktop\u00bb transform_skew__hover_enabled=\u00bbon|desktop\u00bb transform_origin__hover_enabled=\u00bbon|desktop\u00bb theme_builder_area=\u00bbpost_content\u00bb][\/et_pb_image][et_pb_text _builder_version=\u00bb4.21.0&#8243; _dynamic_attributes=\u00bblink_option_url\u00bb _module_preset=\u00bbdefault\u00bb text_font=\u00bbPoppins|500|||||||\u00bb text_orientation=\u00bbcenter\u00bb custom_margin=\u00bb-12px||7px||false|false\u00bb custom_padding=\u00bb||0px|||\u00bb link_option_url=\u00bb@ET-DC@eyJkeW5hbWljIjp0cnVlLCJjb250ZW50IjoicG9zdF9saW5rX3VybF9wcm9qZWN0Iiwic2V0dGluZ3MiOnsicG9zdF9pZCI6IjQyNjQifX0=@\u00bb link_option_url_new_window=\u00bbon\u00bb global_colors_info=\u00bb{}\u00bb theme_builder_area=\u00bbpost_content\u00bb]\n<p>Sociolog\u00eda de una profesi\u00f3n. El caso de enfermer\u00eda<\/p>\n[\/et_pb_text][et_pb_text _builder_version=\u00bb4.21.0&#8243; _module_preset=\u00bbdefault\u00bb text_font=\u00bbPoppins|300|||||||\u00bb text_font_size=\u00bb15px\u00bb text_orientation=\u00bbcenter\u00bb global_colors_info=\u00bb{}\u00bb theme_builder_area=\u00bbpost_content\u00bb]Ma. Matilde Mart\u00ednez Ben\u00edtez[\/et_pb_text][\/et_pb_column][et_pb_column type=\u00bb1_6&#8243; _builder_version=\u00bb4.21.0&#8243; _module_preset=\u00bbdefault\u00bb global_colors_info=\u00bb{}\u00bb theme_builder_area=\u00bbpost_content\u00bb][et_pb_image src=\u00bbhttps:\/\/cee.edu.mx\/documentos\/wp-content\/uploads\/2022\/10\/11_TENDENCIAS-II.jpg\u00bb alt=\u00bbTendencias educativas oficiales de M\u00e9xico, Tomo II, 1911-1934&#8243; title_text=\u00bbTendencias educativas oficiales de M\u00e9xico, Tomo II, 1911-1934&#8243; url=\u00bb@ET-DC@eyJkeW5hbWljIjp0cnVlLCJjb250ZW50IjoicG9zdF9saW5rX3VybF9wcm9qZWN0Iiwic2V0dGluZ3MiOnsicG9zdF9pZCI6IjEzNDIifX0=@\u00bb url_new_window=\u00bbon\u00bb admin_label=\u00bbImagen\u00bb _builder_version=\u00bb4.21.0&#8243; _dynamic_attributes=\u00bburl\u00bb _module_preset=\u00bbdefault\u00bb border_radii=\u00bbon|10px|10px|10px|10px\u00bb box_shadow_style=\u00bbpreset3&#8243; box_shadow_color=\u00bb#424242&#8243; global_colors_info=\u00bb{}\u00bb transform_styles__hover_enabled=\u00bbon|hover\u00bb transform_scale__hover_enabled=\u00bbon|hover\u00bb transform_translate__hover_enabled=\u00bbon|desktop\u00bb transform_rotate__hover_enabled=\u00bbon|desktop\u00bb transform_skew__hover_enabled=\u00bbon|desktop\u00bb transform_origin__hover_enabled=\u00bbon|desktop\u00bb transform_scale__hover=\u00bb110%|110%\u00bb theme_builder_area=\u00bbpost_content\u00bb][\/et_pb_image][et_pb_text _builder_version=\u00bb4.21.0&#8243; _dynamic_attributes=\u00bblink_option_url\u00bb _module_preset=\u00bbdefault\u00bb text_font=\u00bbPoppins|500|||||||\u00bb text_orientation=\u00bbcenter\u00bb custom_margin=\u00bb-12px||7px||false|false\u00bb custom_padding=\u00bb||0px|||\u00bb link_option_url=\u00bb@ET-DC@eyJkeW5hbWljIjp0cnVlLCJjb250ZW50IjoicG9zdF9saW5rX3VybF9wcm9qZWN0Iiwic2V0dGluZ3MiOnsicG9zdF9pZCI6IjQyNjQifX0=@\u00bb link_option_url_new_window=\u00bbon\u00bb global_colors_info=\u00bb{}\u00bb theme_builder_area=\u00bbpost_content\u00bb]Tendencias educativas oficiales de M\u00e9xico, Tomo II, 1911-1934[\/et_pb_text][et_pb_text _builder_version=\u00bb4.21.0&#8243; _module_preset=\u00bbdefault\u00bb text_font=\u00bbPoppins|300|||||||\u00bb text_font_size=\u00bb15px\u00bb text_orientation=\u00bbcenter\u00bb global_colors_info=\u00bb{}\u00bb theme_builder_area=\u00bbpost_content\u00bb]Meneses Morales Ernesto[\/et_pb_text][\/et_pb_column][\/et_pb_row][et_pb_row _builder_version=\u00bb4.21.0&#8243; _module_preset=\u00bbdefault\u00bb max_width=\u00bbnone\u00bb hover_enabled=\u00bb0&#8243; global_colors_info=\u00bb{}\u00bb width=\u00bb90%\u00bb sticky_enabled=\u00bb0&#8243;][et_pb_column type=\u00bb4_4&#8243; _builder_version=\u00bb4.16&#8243; _module_preset=\u00bbdefault\u00bb global_colors_info=\u00bb{}\u00bb][et_pb_button button_url=\u00bbhttps:\/\/cee.edu.mx\/documentos\/inicio\/\u00bb button_text=\u00bbVer todas las publicaciones\u00bb _builder_version=\u00bb4.18.0&#8243; _module_preset=\u00bb6414ef9f-e386-4555-a7b7-4544a239078b\u00bb custom_button=\u00bbon\u00bb button_text_size=\u00bb14px\u00bb button_text_color=\u00bb#FFFFFF\u00bb button_bg_color=\u00bbgcid-d17493c4-1b2d-41d9-9b25-c9343e59bc85&#8243; button_border_width=\u00bb0px\u00bb button_border_radius=\u00bb8px\u00bb button_letter_spacing=\u00bb1px\u00bb button_font=\u00bbHeebo|800||on|||||\u00bb custom_padding=\u00bb16px|20px|16px|20px|true|true\u00bb box_shadow_style=\u00bbpreset4&#8243; box_shadow_horizontal=\u00bb-4px\u00bb box_shadow_vertical=\u00bb4px\u00bb global_colors_info=\u00bb{%22gcid-d17493c4-1b2d-41d9-9b25-c9343e59bc85%22:%91%22button_bg_color%22%93}\u00bb][\/et_pb_button][\/et_pb_column][\/et_pb_row][\/et_pb_section]\n<span class=\"et_bloom_bottom_trigger\"><\/span>","protected":false},"excerpt":{"rendered":"<p>Tendencias educativas oficiales de M\u00e9xico<br \/>\nTomo II, 1911-1934<\/p>\n<p>Autor: Meneses Morales Ernesto<br \/>\nISBN: 968-7165-23-5<br \/>\nN\u00famero de p\u00e1ginas: 818<br \/>\nA\u00f1o de publicaci\u00f3n: 1986<\/p>\n<p>Este volumen trata, como el anterior, de conseguir tres objetivos: primero, relatar los eventos educativos desde la renuncia de Porfirio D\u00edaz hasta el t\u00e9rmino del mandato de Abelardo Rodr\u00edguez; segundo, identificar las tendencias educativas presentes en estos a\u00f1os de la vida nacional y, tercero, averiguar si \u00e9stas llegaron a formar una verdadera filosof\u00eda educativa. La obra descansa en el mismo presupuesto: la historia de la educaci\u00f3n es fundamentalmente una historia social1 y existe una relaci\u00f3n estrecha entre la educaci\u00f3n y la sociedad, de suerte que aqu\u00e9lla refleja a \u00e9sta y, a medida que una cambia significativamente, la otra lo hace tambi\u00e9n. Por consiguiente, la historia de la educaci\u00f3n no puede prescindir de hablar de la sociedad de la cual forma parte. Esta mutua relaci\u00f3n implica que la historia de la educaci\u00f3n comprende la historia de la filosof\u00eda, la pol\u00edtica, la metodolog\u00eda, la psicolog\u00eda y aun la religi\u00f3n e incluye no s\u00f3lo estos t\u00f3picos, sino tambi\u00e9n las aspiraciones del pueblo, especialmente de sus dirigentes y pensadores.<\/p>\n","protected":false},"author":2,"featured_media":3184,"comment_status":"closed","ping_status":"closed","template":"","meta":{"_et_pb_use_builder":"on","_et_pb_old_content":"","_et_gb_content_width":"","footnotes":""},"project_category":[137],"project_tag":[138],"class_list":["post-1342","project","type-project","status-publish","has-post-thumbnail","hentry","project_category-nuestras-publicaciones","project_tag-nuestras-publicaciones"],"jetpack_sharing_enabled":true,"_links":{"self":[{"href":"https:\/\/cee.edu.mx\/documentos\/wp-json\/wp\/v2\/project\/1342","targetHints":{"allow":["GET"]}}],"collection":[{"href":"https:\/\/cee.edu.mx\/documentos\/wp-json\/wp\/v2\/project"}],"about":[{"href":"https:\/\/cee.edu.mx\/documentos\/wp-json\/wp\/v2\/types\/project"}],"author":[{"embeddable":true,"href":"https:\/\/cee.edu.mx\/documentos\/wp-json\/wp\/v2\/users\/2"}],"replies":[{"embeddable":true,"href":"https:\/\/cee.edu.mx\/documentos\/wp-json\/wp\/v2\/comments?post=1342"}],"version-history":[{"count":18,"href":"https:\/\/cee.edu.mx\/documentos\/wp-json\/wp\/v2\/project\/1342\/revisions"}],"predecessor-version":[{"id":5136,"href":"https:\/\/cee.edu.mx\/documentos\/wp-json\/wp\/v2\/project\/1342\/revisions\/5136"}],"wp:featuredmedia":[{"embeddable":true,"href":"https:\/\/cee.edu.mx\/documentos\/wp-json\/wp\/v2\/media\/3184"}],"wp:attachment":[{"href":"https:\/\/cee.edu.mx\/documentos\/wp-json\/wp\/v2\/media?parent=1342"}],"wp:term":[{"taxonomy":"project_category","embeddable":true,"href":"https:\/\/cee.edu.mx\/documentos\/wp-json\/wp\/v2\/project_category?post=1342"},{"taxonomy":"project_tag","embeddable":true,"href":"https:\/\/cee.edu.mx\/documentos\/wp-json\/wp\/v2\/project_tag?post=1342"}],"curies":[{"name":"wp","href":"https:\/\/api.w.org\/{rel}","templated":true}]}}